{"id":814,"date":"2021-05-13T04:47:36","date_gmt":"2021-05-13T04:47:36","guid":{"rendered":"https:\/\/inesweinbergderoca.com\/?page_id=814"},"modified":"2021-07-14T03:57:34","modified_gmt":"2021-07-14T03:57:34","slug":"audiencia-publica","status":"publish","type":"page","link":"https:\/\/inesweinbergderoca.com\/index.php\/videos-y-documentales\/audiencia-publica\/","title":{"rendered":"Audiencia p\u00fablica"},"content":{"rendered":"\t\t<div data-elementor-type=\"wp-page\" data-elementor-id=\"814\" class=\"elementor elementor-814\" data-elementor-post-type=\"page\">\n\t\t\t\t\t\t<section class=\"elementor-section elementor-top-section elementor-element elementor-element-af230d3 elementor-section-boxed elementor-section-height-default elementor-section-height-default\" data-id=\"af230d3\" data-element_type=\"section\" data-e-type=\"section\">\n\t\t\t\t\t\t<div class=\"elementor-container elementor-column-gap-default\">\n\t\t\t\t\t<div class=\"elementor-column elementor-col-100 elementor-top-column elementor-element elementor-element-4ba0af3\" data-id=\"4ba0af3\" data-element_type=\"column\" data-e-type=\"column\">\n\t\t\t<div class=\"elementor-widget-wrap elementor-element-populated\">\n\t\t\t\t\t\t<div class=\"elementor-element elementor-element-7420cb2 elementor-widget elementor-widget-spacer\" data-id=\"7420cb2\" data-element_type=\"widget\" data-e-type=\"widget\" data-widget_type=\"spacer.default\">\n\t\t\t\t<div class=\"elementor-widget-container\">\n\t\t\t\t\t\t\t<div class=\"elementor-spacer\">\n\t\t\t<div class=\"elementor-spacer-inner\"><\/div>\n\t\t<\/div>\n\t\t\t\t\t\t<\/div>\n\t\t\t\t<\/div>\n\t\t\t\t<div class=\"elementor-element elementor-element-6ed22aa elementor-widget elementor-widget-text-editor\" data-id=\"6ed22aa\" data-element_type=\"widget\" data-e-type=\"widget\" data-widget_type=\"text-editor.default\">\n\t\t\t\t<div class=\"elementor-widget-container\">\n\t\t\t\t\t\t\t\t\t<p>Audiencia P\u00fablica ante la Comisi\u00f3n de Acuerdos del Senado de la Naci\u00f3n, 31 de julio de 2018. Juez In\u00e9s Weinberg, postulada a la Procuraci\u00f3n General de la Naci\u00f3n.<\/p>\t\t\t\t\t\t\t\t<\/div>\n\t\t\t\t<\/div>\n\t\t\t\t<div class=\"elementor-element elementor-element-ef801be elementor-widget elementor-widget-video\" data-id=\"ef801be\" data-element_type=\"widget\" data-e-type=\"widget\" data-settings=\"{&quot;youtube_url&quot;:&quot;https:\\\/\\\/www.youtube.com\\\/watch?v=AbVz9RATVuE&quot;,&quot;video_type&quot;:&quot;youtube&quot;,&quot;controls&quot;:&quot;yes&quot;}\" data-widget_type=\"video.default\">\n\t\t\t\t<div class=\"elementor-widget-container\">\n\t\t\t\t\t\t\t<div class=\"elementor-wrapper elementor-open-inline\">\n\t\t\t<div class=\"elementor-video\"><\/div>\t\t<\/div>\n\t\t\t\t\t\t<\/div>\n\t\t\t\t<\/div>\n\t\t\t\t<div class=\"elementor-element elementor-element-b1eca26 elementor-widget elementor-widget-spacer\" data-id=\"b1eca26\" data-element_type=\"widget\" data-e-type=\"widget\" data-widget_type=\"spacer.default\">\n\t\t\t\t<div class=\"elementor-widget-container\">\n\t\t\t\t\t\t\t<div class=\"elementor-spacer\">\n\t\t\t<div class=\"elementor-spacer-inner\"><\/div>\n\t\t<\/div>\n\t\t\t\t\t\t<\/div>\n\t\t\t\t<\/div>\n\t\t\t\t<div class=\"elementor-element elementor-element-f7be5fa elementor-widget elementor-widget-text-editor\" data-id=\"f7be5fa\" data-element_type=\"widget\" data-e-type=\"widget\" data-widget_type=\"text-editor.default\">\n\t\t\t\t<div class=\"elementor-widget-container\">\n\t\t\t\t\t\t\t\t\t<p>LA JUEZ WEINBERG FUE PROPUESTA POR EL PRESIDENTE MACRI PARA LA PROCURACION GENERAL DE LA NACION. <br>Con motivo de tal postulaci\u00f3n tuvo que defenderla en audiencia p\u00fablica. <br>Esta es la version taquigr\u00e1fica. PDF<\/p>\t\t\t\t\t\t\t\t<\/div>\n\t\t\t\t<\/div>\n\t\t\t\t<div class=\"elementor-element elementor-element-e2e91f1 elementor-widget elementor-widget-image\" data-id=\"e2e91f1\" data-element_type=\"widget\" data-e-type=\"widget\" data-widget_type=\"image.default\">\n\t\t\t\t<div class=\"elementor-widget-container\">\n\t\t\t\t\t\t\t\t\t\t\t\t\t\t\t\t<a href=\"https:\/\/www.inesweinbergderoca.com\/AUDIENCIA%20PUBLICA%20VT%2031-07-18%20WEINBERG.pdf\">\n\t\t\t\t\t\t\t<img decoding=\"async\" width=\"32\" height=\"37\" src=\"https:\/\/inesweinbergderoca.com\/wp-content\/uploads\/2021\/05\/modelo-pdf.jpg\" class=\"attachment-large size-large wp-image-962\" alt=\"\" \/>\t\t\t\t\t\t\t\t<\/a>\n\t\t\t\t\t\t\t\t\t\t\t\t\t\t\t<\/div>\n\t\t\t\t<\/div>\n\t\t\t\t\t<\/div>\n\t\t<\/div>\n\t\t\t\t\t<\/div>\n\t\t<\/section>\n\t\t\t\t<section class=\"elementor-section elementor-top-section elementor-element elementor-element-3cab8c4 elementor-section-boxed elementor-section-height-default elementor-section-height-default\" data-id=\"3cab8c4\" data-element_type=\"section\" data-e-type=\"section\">\n\t\t\t\t\t\t<div class=\"elementor-container elementor-column-gap-default\">\n\t\t\t\t\t<div class=\"elementor-column elementor-col-100 elementor-top-column elementor-element elementor-element-57a904d\" data-id=\"57a904d\" data-element_type=\"column\" data-e-type=\"column\">\n\t\t\t<div class=\"elementor-widget-wrap elementor-element-populated\">\n\t\t\t\t\t\t<div class=\"elementor-element elementor-element-dab9b86 elementor-widget elementor-widget-spacer\" data-id=\"dab9b86\" data-element_type=\"widget\" data-e-type=\"widget\" data-widget_type=\"spacer.default\">\n\t\t\t\t<div class=\"elementor-widget-container\">\n\t\t\t\t\t\t\t<div class=\"elementor-spacer\">\n\t\t\t<div class=\"elementor-spacer-inner\"><\/div>\n\t\t<\/div>\n\t\t\t\t\t\t<\/div>\n\t\t\t\t<\/div>\n\t\t\t\t\t<\/div>\n\t\t<\/div>\n\t\t\t\t\t<\/div>\n\t\t<\/section>\n\t\t\t\t<\/div>\n\t\t","protected":false},"excerpt":{"rendered":"<p>Audiencia P\u00fablica ante la Comisi\u00f3n de Acuerdos del Senado de la Naci\u00f3n, 31 de julio de 2018. Juez In\u00e9s Weinberg, postulada a la Procuraci\u00f3n General de la Naci\u00f3n. https:\/\/www.youtube.com\/watch?v=AbVz9RATVuE LA JUEZ WEINBERG FUE PROPUESTA POR EL PRESIDENTE MACRI PARA LA PROCURACION GENERAL DE LA NACION. Con motivo de tal postulaci\u00f3n tuvo que defenderla en audiencia <a class=\"more-link\" href=\"https:\/\/inesweinbergderoca.com\/index.php\/videos-y-documentales\/audiencia-publica\/\">Continue reading <i class=\"fa fa-chevron-right\"><\/i><\/a><\/p>\n","protected":false},"author":1,"featured_media":0,"parent":149,"menu_order":0,"comment_status":"closed","ping_status":"closed","template":"elementor_header_footer","meta":{"_monsterinsights_skip_tracking":false,"_monsterinsights_sitenote_active":false,"_monsterinsights_sitenote_note":"","_monsterinsights_sitenote_category":0,"footnotes":""},"class_list":["post-814","page","type-page","status-publish","hentry"],"yoast_head":"<!-- This site is optimized with the Yoast SEO plugin v27.5 - https:\/\/yoast.com\/product\/yoast-seo-wordpress\/ -->\n<title>Audiencia p\u00fablica &#062; In\u00e9s Weinberg de Roca<\/title>\n<meta name=\"robots\" content=\"index, follow, max-snippet:-1, max-image-preview:large, max-video-preview:-1\" \/>\n<link rel=\"canonical\" href=\"https:\/\/inesweinbergderoca.com\/index.php\/videos-y-documentales\/audiencia-publica\/\" \/>\n<meta property=\"og:locale\" content=\"es_ES\" \/>\n<meta property=\"og:type\" content=\"article\" \/>\n<meta property=\"og:title\" content=\"Audiencia p\u00fablica &#062; In\u00e9s Weinberg de Roca\" \/>\n<meta property=\"og:description\" content=\"Audiencia P\u00fablica ante la Comisi\u00f3n de Acuerdos del Senado de la Naci\u00f3n, 31 de julio de 2018. Juez In\u00e9s Weinberg, postulada a la Procuraci\u00f3n General de la Naci\u00f3n. https:\/\/www.youtube.com\/watch?v=AbVz9RATVuE LA JUEZ WEINBERG FUE PROPUESTA POR EL PRESIDENTE MACRI PARA LA PROCURACION GENERAL DE LA NACION. Con motivo de tal postulaci\u00f3n tuvo que defenderla en audiencia Continue reading\" \/>\n<meta property=\"og:url\" content=\"https:\/\/inesweinbergderoca.com\/index.php\/videos-y-documentales\/audiencia-publica\/\" \/>\n<meta property=\"og:site_name\" content=\"In\u00e9s Weinberg de Roca\" \/>\n<meta property=\"article:modified_time\" content=\"2021-07-14T03:57:34+00:00\" \/>\n<meta property=\"og:image\" content=\"https:\/\/inesweinbergderoca.com\/wp-content\/uploads\/2021\/05\/modelo-pdf.jpg\" \/>\n<meta name=\"twitter:card\" content=\"summary_large_image\" \/>\n<meta name=\"twitter:label1\" content=\"Tiempo de lectura\" \/>\n\t<meta name=\"twitter:data1\" content=\"1 minuto\" \/>\n<script type=\"application\/ld+json\" class=\"yoast-schema-graph\">{\"@context\":\"https:\\\/\\\/schema.org\",\"@graph\":[{\"@type\":\"WebPage\",\"@id\":\"https:\\\/\\\/inesweinbergderoca.com\\\/index.php\\\/videos-y-documentales\\\/audiencia-publica\\\/\",\"url\":\"https:\\\/\\\/inesweinbergderoca.com\\\/index.php\\\/videos-y-documentales\\\/audiencia-publica\\\/\",\"name\":\"Audiencia p\u00fablica &#062; In\u00e9s Weinberg de Roca\",\"isPartOf\":{\"@id\":\"https:\\\/\\\/inesweinbergderoca.com\\\/#website\"},\"primaryImageOfPage\":{\"@id\":\"https:\\\/\\\/inesweinbergderoca.com\\\/index.php\\\/videos-y-documentales\\\/audiencia-publica\\\/#primaryimage\"},\"image\":{\"@id\":\"https:\\\/\\\/inesweinbergderoca.com\\\/index.php\\\/videos-y-documentales\\\/audiencia-publica\\\/#primaryimage\"},\"thumbnailUrl\":\"https:\\\/\\\/inesweinbergderoca.com\\\/wp-content\\\/uploads\\\/2021\\\/05\\\/modelo-pdf.jpg\",\"datePublished\":\"2021-05-13T04:47:36+00:00\",\"dateModified\":\"2021-07-14T03:57:34+00:00\",\"breadcrumb\":{\"@id\":\"https:\\\/\\\/inesweinbergderoca.com\\\/index.php\\\/videos-y-documentales\\\/audiencia-publica\\\/#breadcrumb\"},\"inLanguage\":\"es-AR\",\"potentialAction\":[{\"@type\":\"ReadAction\",\"target\":[\"https:\\\/\\\/inesweinbergderoca.com\\\/index.php\\\/videos-y-documentales\\\/audiencia-publica\\\/\"]}]},{\"@type\":\"ImageObject\",\"inLanguage\":\"es-AR\",\"@id\":\"https:\\\/\\\/inesweinbergderoca.com\\\/index.php\\\/videos-y-documentales\\\/audiencia-publica\\\/#primaryimage\",\"url\":\"https:\\\/\\\/inesweinbergderoca.com\\\/wp-content\\\/uploads\\\/2021\\\/05\\\/modelo-pdf.jpg\",\"contentUrl\":\"https:\\\/\\\/inesweinbergderoca.com\\\/wp-content\\\/uploads\\\/2021\\\/05\\\/modelo-pdf.jpg\",\"width\":32,\"height\":37},{\"@type\":\"BreadcrumbList\",\"@id\":\"https:\\\/\\\/inesweinbergderoca.com\\\/index.php\\\/videos-y-documentales\\\/audiencia-publica\\\/#breadcrumb\",\"itemListElement\":[{\"@type\":\"ListItem\",\"position\":1,\"name\":\"Inicio\",\"item\":\"https:\\\/\\\/inesweinbergderoca.com\\\/\"},{\"@type\":\"ListItem\",\"position\":2,\"name\":\"Videos\",\"item\":\"https:\\\/\\\/inesweinbergderoca.com\\\/index.php\\\/videos-y-documentales\\\/\"},{\"@type\":\"ListItem\",\"position\":3,\"name\":\"Audiencia p\u00fablica\"}]},{\"@type\":\"WebSite\",\"@id\":\"https:\\\/\\\/inesweinbergderoca.com\\\/#website\",\"url\":\"https:\\\/\\\/inesweinbergderoca.com\\\/\",\"name\":\"Ines Weinberg de Roca Sitio Oficial\",\"description\":\"\",\"publisher\":{\"@id\":\"https:\\\/\\\/inesweinbergderoca.com\\\/#\\\/schema\\\/person\\\/e935f5cfe8b9d91e4e11182ac4455393\"},\"potentialAction\":[{\"@type\":\"SearchAction\",\"target\":{\"@type\":\"EntryPoint\",\"urlTemplate\":\"https:\\\/\\\/inesweinbergderoca.com\\\/?s={search_term_string}\"},\"query-input\":{\"@type\":\"PropertyValueSpecification\",\"valueRequired\":true,\"valueName\":\"search_term_string\"}}],\"inLanguage\":\"es-AR\"},{\"@type\":[\"Person\",\"Organization\"],\"@id\":\"https:\\\/\\\/inesweinbergderoca.com\\\/#\\\/schema\\\/person\\\/e935f5cfe8b9d91e4e11182ac4455393\",\"name\":\"Susana2021\",\"image\":{\"@type\":\"ImageObject\",\"inLanguage\":\"es-AR\",\"@id\":\"https:\\\/\\\/inesweinbergderoca.com\\\/wp-content\\\/uploads\\\/2021\\\/06\\\/cropped-favicon.jpg\",\"url\":\"https:\\\/\\\/inesweinbergderoca.com\\\/wp-content\\\/uploads\\\/2021\\\/06\\\/cropped-favicon.jpg\",\"contentUrl\":\"https:\\\/\\\/inesweinbergderoca.com\\\/wp-content\\\/uploads\\\/2021\\\/06\\\/cropped-favicon.jpg\",\"width\":512,\"height\":512,\"caption\":\"Susana2021\"},\"logo\":{\"@id\":\"https:\\\/\\\/inesweinbergderoca.com\\\/wp-content\\\/uploads\\\/2021\\\/06\\\/cropped-favicon.jpg\"},\"sameAs\":[\"https:\\\/\\\/inesweinbergderoca.com\"]}]}<\/script>\n<!-- \/ Yoast SEO plugin. -->","yoast_head_json":{"title":"Audiencia p\u00fablica &#062; In\u00e9s Weinberg de Roca","robots":{"index":"index","follow":"follow","max-snippet":"max-snippet:-1","max-image-preview":"max-image-preview:large","max-video-preview":"max-video-preview:-1"},"canonical":"https:\/\/inesweinbergderoca.com\/index.php\/videos-y-documentales\/audiencia-publica\/","og_locale":"es_ES","og_type":"article","og_title":"Audiencia p\u00fablica &#062; In\u00e9s Weinberg de Roca","og_description":"Audiencia P\u00fablica ante la Comisi\u00f3n de Acuerdos del Senado de la Naci\u00f3n, 31 de julio de 2018. Juez In\u00e9s Weinberg, postulada a la Procuraci\u00f3n General de la Naci\u00f3n. https:\/\/www.youtube.com\/watch?v=AbVz9RATVuE LA JUEZ WEINBERG FUE PROPUESTA POR EL PRESIDENTE MACRI PARA LA PROCURACION GENERAL DE LA NACION. Con motivo de tal postulaci\u00f3n tuvo que defenderla en audiencia Continue reading","og_url":"https:\/\/inesweinbergderoca.com\/index.php\/videos-y-documentales\/audiencia-publica\/","og_site_name":"In\u00e9s Weinberg de Roca","article_modified_time":"2021-07-14T03:57:34+00:00","og_image":[{"url":"https:\/\/inesweinbergderoca.com\/wp-content\/uploads\/2021\/05\/modelo-pdf.jpg","type":"","width":"","height":""}],"twitter_card":"summary_large_image","twitter_misc":{"Tiempo de lectura":"1 minuto"},"schema":{"@context":"https:\/\/schema.org","@graph":[{"@type":"WebPage","@id":"https:\/\/inesweinbergderoca.com\/index.php\/videos-y-documentales\/audiencia-publica\/","url":"https:\/\/inesweinbergderoca.com\/index.php\/videos-y-documentales\/audiencia-publica\/","name":"Audiencia p\u00fablica &#062; In\u00e9s Weinberg de Roca","isPartOf":{"@id":"https:\/\/inesweinbergderoca.com\/#website"},"primaryImageOfPage":{"@id":"https:\/\/inesweinbergderoca.com\/index.php\/videos-y-documentales\/audiencia-publica\/#primaryimage"},"image":{"@id":"https:\/\/inesweinbergderoca.com\/index.php\/videos-y-documentales\/audiencia-publica\/#primaryimage"},"thumbnailUrl":"https:\/\/inesweinbergderoca.com\/wp-content\/uploads\/2021\/05\/modelo-pdf.jpg","datePublished":"2021-05-13T04:47:36+00:00","dateModified":"2021-07-14T03:57:34+00:00","breadcrumb":{"@id":"https:\/\/inesweinbergderoca.com\/index.php\/videos-y-documentales\/audiencia-publica\/#breadcrumb"},"inLanguage":"es-AR","potentialAction":[{"@type":"ReadAction","target":["https:\/\/inesweinbergderoca.com\/index.php\/videos-y-documentales\/audiencia-publica\/"]}]},{"@type":"ImageObject","inLanguage":"es-AR","@id":"https:\/\/inesweinbergderoca.com\/index.php\/videos-y-documentales\/audiencia-publica\/#primaryimage","url":"https:\/\/inesweinbergderoca.com\/wp-content\/uploads\/2021\/05\/modelo-pdf.jpg","contentUrl":"https:\/\/inesweinbergderoca.com\/wp-content\/uploads\/2021\/05\/modelo-pdf.jpg","width":32,"height":37},{"@type":"BreadcrumbList","@id":"https:\/\/inesweinbergderoca.com\/index.php\/videos-y-documentales\/audiencia-publica\/#breadcrumb","itemListElement":[{"@type":"ListItem","position":1,"name":"Inicio","item":"https:\/\/inesweinbergderoca.com\/"},{"@type":"ListItem","position":2,"name":"Videos","item":"https:\/\/inesweinbergderoca.com\/index.php\/videos-y-documentales\/"},{"@type":"ListItem","position":3,"name":"Audiencia p\u00fablica"}]},{"@type":"WebSite","@id":"https:\/\/inesweinbergderoca.com\/#website","url":"https:\/\/inesweinbergderoca.com\/","name":"Ines Weinberg de Roca Sitio Oficial","description":"","publisher":{"@id":"https:\/\/inesweinbergderoca.com\/#\/schema\/person\/e935f5cfe8b9d91e4e11182ac4455393"},"potentialAction":[{"@type":"SearchAction","target":{"@type":"EntryPoint","urlTemplate":"https:\/\/inesweinbergderoca.com\/?s={search_term_string}"},"query-input":{"@type":"PropertyValueSpecification","valueRequired":true,"valueName":"search_term_string"}}],"inLanguage":"es-AR"},{"@type":["Person","Organization"],"@id":"https:\/\/inesweinbergderoca.com\/#\/schema\/person\/e935f5cfe8b9d91e4e11182ac4455393","name":"Susana2021","image":{"@type":"ImageObject","inLanguage":"es-AR","@id":"https:\/\/inesweinbergderoca.com\/wp-content\/uploads\/2021\/06\/cropped-favicon.jpg","url":"https:\/\/inesweinbergderoca.com\/wp-content\/uploads\/2021\/06\/cropped-favicon.jpg","contentUrl":"https:\/\/inesweinbergderoca.com\/wp-content\/uploads\/2021\/06\/cropped-favicon.jpg","width":512,"height":512,"caption":"Susana2021"},"logo":{"@id":"https:\/\/inesweinbergderoca.com\/wp-content\/uploads\/2021\/06\/cropped-favicon.jpg"},"sameAs":["https:\/\/inesweinbergderoca.com"]}]}},"_links":{"self":[{"href":"https:\/\/inesweinbergderoca.com\/index.php\/wp-json\/wp\/v2\/pages\/814","targetHints":{"allow":["GET"]}}],"collection":[{"href":"https:\/\/inesweinbergderoca.com\/index.php\/wp-json\/wp\/v2\/pages"}],"about":[{"href":"https:\/\/inesweinbergderoca.com\/index.php\/wp-json\/wp\/v2\/types\/page"}],"author":[{"embeddable":true,"href":"https:\/\/inesweinbergderoca.com\/index.php\/wp-json\/wp\/v2\/users\/1"}],"replies":[{"embeddable":true,"href":"https:\/\/inesweinbergderoca.com\/index.php\/wp-json\/wp\/v2\/comments?post=814"}],"version-history":[{"count":13,"href":"https:\/\/inesweinbergderoca.com\/index.php\/wp-json\/wp\/v2\/pages\/814\/revisions"}],"predecessor-version":[{"id":1932,"href":"https:\/\/inesweinbergderoca.com\/index.php\/wp-json\/wp\/v2\/pages\/814\/revisions\/1932"}],"up":[{"embeddable":true,"href":"https:\/\/inesweinbergderoca.com\/index.php\/wp-json\/wp\/v2\/pages\/149"}],"wp:attachment":[{"href":"https:\/\/inesweinbergderoca.com\/index.php\/wp-json\/wp\/v2\/media?parent=814"}],"curies":[{"name":"wp","href":"https:\/\/api.w.org\/{rel}","templated":true}]}}