{"id":622,"date":"2021-05-07T04:32:36","date_gmt":"2021-05-07T04:32:36","guid":{"rendered":"https:\/\/inesweinbergderoca.com\/?page_id=622"},"modified":"2026-03-26T17:05:19","modified_gmt":"2026-03-26T17:05:19","slug":"notas","status":"publish","type":"page","link":"https:\/\/inesweinbergderoca.com\/index.php\/prensa\/notas\/","title":{"rendered":"Notas"},"content":{"rendered":"\t\t<div data-elementor-type=\"wp-page\" data-elementor-id=\"622\" class=\"elementor elementor-622\" data-elementor-post-type=\"page\">\n\t\t\t\t\t\t<section class=\"elementor-section elementor-top-section elementor-element elementor-element-03da94a elementor-section-boxed elementor-section-height-default elementor-section-height-default\" data-id=\"03da94a\" data-element_type=\"section\" data-e-type=\"section\">\n\t\t\t\t\t\t<div class=\"elementor-container elementor-column-gap-default\">\n\t\t\t\t\t<div class=\"elementor-column elementor-col-100 elementor-top-column elementor-element elementor-element-466478d\" data-id=\"466478d\" data-element_type=\"column\" data-e-type=\"column\">\n\t\t\t<div class=\"elementor-widget-wrap elementor-element-populated\">\n\t\t\t\t\t\t<div class=\"elementor-element elementor-element-2d4aced elementor-widget elementor-widget-spacer\" data-id=\"2d4aced\" data-element_type=\"widget\" data-e-type=\"widget\" data-widget_type=\"spacer.default\">\n\t\t\t\t<div class=\"elementor-widget-container\">\n\t\t\t\t\t\t\t<div class=\"elementor-spacer\">\n\t\t\t<div class=\"elementor-spacer-inner\"><\/div>\n\t\t<\/div>\n\t\t\t\t\t\t<\/div>\n\t\t\t\t<\/div>\n\t\t\t\t<div class=\"elementor-element elementor-element-9a096da elementor-widget elementor-widget-spacer\" data-id=\"9a096da\" data-element_type=\"widget\" data-e-type=\"widget\" data-widget_type=\"spacer.default\">\n\t\t\t\t<div class=\"elementor-widget-container\">\n\t\t\t\t\t\t\t<div class=\"elementor-spacer\">\n\t\t\t<div class=\"elementor-spacer-inner\"><\/div>\n\t\t<\/div>\n\t\t\t\t\t\t<\/div>\n\t\t\t\t<\/div>\n\t\t\t\t<div class=\"elementor-element elementor-element-dc31716 elementor-widget elementor-widget-heading\" data-id=\"dc31716\" data-element_type=\"widget\" data-e-type=\"widget\" data-widget_type=\"heading.default\">\n\t\t\t\t<div class=\"elementor-widget-container\">\n\t\t\t\t\t<h2 class=\"elementor-heading-title elementor-size-default\">Exposici\u00f3n de la Presidente del TSJ de la Ciudad Aut\u00f3noma de Buenos en la Cumbre Global OGP 2025, en el Pa\u00eds Vasco, Espa\u00f1a \n<\/h2>\t\t\t\t<\/div>\n\t\t\t\t<\/div>\n\t\t\t\t<div class=\"elementor-element elementor-element-9776d6c elementor-widget elementor-widget-spacer\" data-id=\"9776d6c\" data-element_type=\"widget\" data-e-type=\"widget\" data-widget_type=\"spacer.default\">\n\t\t\t\t<div class=\"elementor-widget-container\">\n\t\t\t\t\t\t\t<div class=\"elementor-spacer\">\n\t\t\t<div class=\"elementor-spacer-inner\"><\/div>\n\t\t<\/div>\n\t\t\t\t\t\t<\/div>\n\t\t\t\t<\/div>\n\t\t\t\t\t<\/div>\n\t\t<\/div>\n\t\t\t\t\t<\/div>\n\t\t<\/section>\n\t\t\t\t<section class=\"elementor-section elementor-top-section elementor-element elementor-element-57af286 elementor-section-boxed elementor-section-height-default elementor-section-height-default\" data-id=\"57af286\" data-element_type=\"section\" data-e-type=\"section\" data-settings=\"{&quot;background_background&quot;:&quot;classic&quot;}\">\n\t\t\t\t\t\t<div class=\"elementor-container elementor-column-gap-default\">\n\t\t\t\t\t<div class=\"elementor-column elementor-col-100 elementor-top-column elementor-element elementor-element-e7a9895\" data-id=\"e7a9895\" data-element_type=\"column\" data-e-type=\"column\">\n\t\t\t<div class=\"elementor-widget-wrap elementor-element-populated\">\n\t\t\t\t\t\t<div class=\"elementor-element elementor-element-eba356b elementor-widget elementor-widget-text-editor\" data-id=\"eba356b\" data-element_type=\"widget\" data-e-type=\"widget\" data-widget_type=\"text-editor.default\">\n\t\t\t\t<div class=\"elementor-widget-container\">\n\t\t\t\t\t\t\t\t\t<p style=\"text-align: left;\"><span data-olk-copy-source=\"MessageBody\">En el Pa\u00eds Vasco, el Tribunal Superior de Justicia porte\u00f1o comparti\u00f3 su modelo de datos abiertos para una mayor participaci\u00f3n ciudadana. La presidente del Tribunal Superior de Justicia de la Ciudad de Buenos Aires, In\u00e9s M. Weinberg, intervino en el panel \u201cPr\u00e1cticas nacionales y locales para justicia efectiva y centrada en las personas\u201d, en el marco de la Cumbre Global de la Alianza para el Gobierno Abierto (OGP) 2025. La actividad fue organizada por la Comunidad de Madrid y la Oficina de Acceso a la Justicia de la OCDE.<\/span><\/p><p><a href=\"https:\/\/www.inesweinbergderoca.com\/PDF\/EXPOSICION PRESIDENTE TSJ CABA EN CUMBRE GLOBAL OGP 2025.pdf\" data-wplink-url-error=\"true\">VER PDF<\/a><\/p>\t\t\t\t\t\t\t\t<\/div>\n\t\t\t\t<\/div>\n\t\t\t\t\t<\/div>\n\t\t<\/div>\n\t\t\t\t\t<\/div>\n\t\t<\/section>\n\t\t\t\t<section class=\"elementor-section elementor-top-section elementor-element elementor-element-ef94dad elementor-section-boxed elementor-section-height-default elementor-section-height-default\" data-id=\"ef94dad\" data-element_type=\"section\" data-e-type=\"section\">\n\t\t\t\t\t\t<div class=\"elementor-container elementor-column-gap-default\">\n\t\t\t\t\t<div class=\"elementor-column elementor-col-100 elementor-top-column elementor-element elementor-element-15db4c0\" data-id=\"15db4c0\" data-element_type=\"column\" data-e-type=\"column\">\n\t\t\t<div class=\"elementor-widget-wrap elementor-element-populated\">\n\t\t\t\t\t\t<div class=\"elementor-element elementor-element-1831c66 elementor-widget elementor-widget-spacer\" data-id=\"1831c66\" data-element_type=\"widget\" data-e-type=\"widget\" data-widget_type=\"spacer.default\">\n\t\t\t\t<div class=\"elementor-widget-container\">\n\t\t\t\t\t\t\t<div class=\"elementor-spacer\">\n\t\t\t<div class=\"elementor-spacer-inner\"><\/div>\n\t\t<\/div>\n\t\t\t\t\t\t<\/div>\n\t\t\t\t<\/div>\n\t\t\t\t<div class=\"elementor-element elementor-element-cecd0aa elementor-widget elementor-widget-spacer\" data-id=\"cecd0aa\" data-element_type=\"widget\" data-e-type=\"widget\" data-widget_type=\"spacer.default\">\n\t\t\t\t<div class=\"elementor-widget-container\">\n\t\t\t\t\t\t\t<div class=\"elementor-spacer\">\n\t\t\t<div class=\"elementor-spacer-inner\"><\/div>\n\t\t<\/div>\n\t\t\t\t\t\t<\/div>\n\t\t\t\t<\/div>\n\t\t\t\t<div class=\"elementor-element elementor-element-6a7095d elementor-widget elementor-widget-heading\" data-id=\"6a7095d\" data-element_type=\"widget\" data-e-type=\"widget\" data-widget_type=\"heading.default\">\n\t\t\t\t<div class=\"elementor-widget-container\">\n\t\t\t\t\t<h2 class=\"elementor-heading-title elementor-size-default\">Participaci\u00f3n de la Presidente del Tribunal Superior de Justicia de la Ciudad\u00a0en la\u00a0 Primera Conferencia Internacional de Justicia Abierta en la Rep\u00fablica Dominicana\n<\/h2>\t\t\t\t<\/div>\n\t\t\t\t<\/div>\n\t\t\t\t<div class=\"elementor-element elementor-element-fb2423b elementor-widget elementor-widget-spacer\" data-id=\"fb2423b\" data-element_type=\"widget\" data-e-type=\"widget\" data-widget_type=\"spacer.default\">\n\t\t\t\t<div class=\"elementor-widget-container\">\n\t\t\t\t\t\t\t<div class=\"elementor-spacer\">\n\t\t\t<div class=\"elementor-spacer-inner\"><\/div>\n\t\t<\/div>\n\t\t\t\t\t\t<\/div>\n\t\t\t\t<\/div>\n\t\t\t\t\t<\/div>\n\t\t<\/div>\n\t\t\t\t\t<\/div>\n\t\t<\/section>\n\t\t\t\t<section class=\"elementor-section elementor-top-section elementor-element elementor-element-d8b3099 elementor-section-boxed elementor-section-height-default elementor-section-height-default\" data-id=\"d8b3099\" data-element_type=\"section\" data-e-type=\"section\" data-settings=\"{&quot;background_background&quot;:&quot;classic&quot;}\">\n\t\t\t\t\t\t<div class=\"elementor-container elementor-column-gap-default\">\n\t\t\t\t\t<div class=\"elementor-column elementor-col-100 elementor-top-column elementor-element elementor-element-13509b0\" data-id=\"13509b0\" data-element_type=\"column\" data-e-type=\"column\">\n\t\t\t<div class=\"elementor-widget-wrap elementor-element-populated\">\n\t\t\t\t\t\t<div class=\"elementor-element elementor-element-e4db086 elementor-widget elementor-widget-text-editor\" data-id=\"e4db086\" data-element_type=\"widget\" data-e-type=\"widget\" data-widget_type=\"text-editor.default\">\n\t\t\t\t<div class=\"elementor-widget-container\">\n\t\t\t\t\t\t\t\t\t<p style=\"text-align: left;\"><span lang=\"ES\" data-olk-copy-source=\"MessageBody\">Durante la\u00a0<\/span>Primera Conferencia Internacional de Justicia Abierta, realizada en Rep\u00fablica Dominicana, la presidente del Tribunal Superior de Justicia de la Ciudad Aut\u00f3noma de Buenos Aires, In\u00e9s M. Weinberg, intervino en el panel sobre\u00a0<span lang=\"ES\">&#8220;Los desaf\u00edos de la justicia local&#8221;, durante el cual destac\u00f3 el sistema de transformaci\u00f3n digital del 100% de los expedientes y el proceso de inserci\u00f3n del Tribunal en el llamado sistema de OGP (por sus siglas en ingl\u00e9s), que es el de la Alianza para el <br \/>Gobierno Abierto.<\/span><\/p><p><a href=\"https:\/\/www.inesweinbergderoca.com\/PDF\/PARTICIPACION PRESIDENTE DEL TSJ EN LA 1 CONFERENCIA INTERNACIONAL DE JUSTICIA ABIERTA.pdf\" data-wplink-url-error=\"true\">VER PDF<\/a><\/p>\t\t\t\t\t\t\t\t<\/div>\n\t\t\t\t<\/div>\n\t\t\t\t\t<\/div>\n\t\t<\/div>\n\t\t\t\t\t<\/div>\n\t\t<\/section>\n\t\t\t\t<section class=\"elementor-section elementor-top-section elementor-element elementor-element-050f97d elementor-section-boxed elementor-section-height-default elementor-section-height-default\" data-id=\"050f97d\" data-element_type=\"section\" data-e-type=\"section\">\n\t\t\t\t\t\t<div class=\"elementor-container elementor-column-gap-default\">\n\t\t\t\t\t<div class=\"elementor-column elementor-col-100 elementor-top-column elementor-element elementor-element-bc9ee6b\" data-id=\"bc9ee6b\" data-element_type=\"column\" data-e-type=\"column\">\n\t\t\t<div class=\"elementor-widget-wrap elementor-element-populated\">\n\t\t\t\t\t\t<div class=\"elementor-element elementor-element-2328a52 elementor-widget elementor-widget-spacer\" data-id=\"2328a52\" data-element_type=\"widget\" data-e-type=\"widget\" data-widget_type=\"spacer.default\">\n\t\t\t\t<div class=\"elementor-widget-container\">\n\t\t\t\t\t\t\t<div class=\"elementor-spacer\">\n\t\t\t<div class=\"elementor-spacer-inner\"><\/div>\n\t\t<\/div>\n\t\t\t\t\t\t<\/div>\n\t\t\t\t<\/div>\n\t\t\t\t<div class=\"elementor-element elementor-element-141a092 elementor-widget elementor-widget-spacer\" data-id=\"141a092\" data-element_type=\"widget\" data-e-type=\"widget\" data-widget_type=\"spacer.default\">\n\t\t\t\t<div class=\"elementor-widget-container\">\n\t\t\t\t\t\t\t<div class=\"elementor-spacer\">\n\t\t\t<div class=\"elementor-spacer-inner\"><\/div>\n\t\t<\/div>\n\t\t\t\t\t\t<\/div>\n\t\t\t\t<\/div>\n\t\t\t\t<div class=\"elementor-element elementor-element-0da2bfc elementor-widget elementor-widget-heading\" data-id=\"0da2bfc\" data-element_type=\"widget\" data-e-type=\"widget\" data-widget_type=\"heading.default\">\n\t\t\t\t<div class=\"elementor-widget-container\">\n\t\t\t\t\t<h2 class=\"elementor-heading-title elementor-size-default\">Distinci\u00f3n en Brasil\n<\/h2>\t\t\t\t<\/div>\n\t\t\t\t<\/div>\n\t\t\t\t<div class=\"elementor-element elementor-element-980fd10 elementor-widget elementor-widget-spacer\" data-id=\"980fd10\" data-element_type=\"widget\" data-e-type=\"widget\" data-widget_type=\"spacer.default\">\n\t\t\t\t<div class=\"elementor-widget-container\">\n\t\t\t\t\t\t\t<div class=\"elementor-spacer\">\n\t\t\t<div class=\"elementor-spacer-inner\"><\/div>\n\t\t<\/div>\n\t\t\t\t\t\t<\/div>\n\t\t\t\t<\/div>\n\t\t\t\t\t<\/div>\n\t\t<\/div>\n\t\t\t\t\t<\/div>\n\t\t<\/section>\n\t\t\t\t<section class=\"elementor-section elementor-top-section elementor-element elementor-element-aaecd1e elementor-section-boxed elementor-section-height-default elementor-section-height-default\" data-id=\"aaecd1e\" data-element_type=\"section\" data-e-type=\"section\" data-settings=\"{&quot;background_background&quot;:&quot;classic&quot;}\">\n\t\t\t\t\t\t<div class=\"elementor-container elementor-column-gap-default\">\n\t\t\t\t\t<div class=\"elementor-column elementor-col-100 elementor-top-column elementor-element elementor-element-2a1b0e8\" data-id=\"2a1b0e8\" data-element_type=\"column\" data-e-type=\"column\">\n\t\t\t<div class=\"elementor-widget-wrap elementor-element-populated\">\n\t\t\t\t\t\t<div class=\"elementor-element elementor-element-b1868ca elementor-widget elementor-widget-text-editor\" data-id=\"b1868ca\" data-element_type=\"widget\" data-e-type=\"widget\" data-widget_type=\"text-editor.default\">\n\t\t\t\t<div class=\"elementor-widget-container\">\n\t\t\t\t\t\t\t\t\t<p style=\"text-align: left;\">La Presidente del Tribunal Superior de Justicia de la CABA, In\u00e9s Weinberg de Roca, recibi\u00f3 en Brasilia durante el encuentro \u201cAm\u00e9rica Abierta\u201d, un reconocimiento al compromiso del TSJ en materia de optimizaci\u00f3n de la transparencia jurisdiccional. El evento \u201cAm\u00e9rica Abierta. Conexi\u00f3n sin fronteras\u201d, reuni\u00f3 en distintas conferencias a destacados participantes internacionales de instituciones que aplican datos abiertos vinculados con la transparencia, el acceso a la informaci\u00f3n, el gobierno abierto, las tecnolog\u00edas c\u00edvicas, el periodismo de datos, el gobierno digital, la rendici\u00f3n de cuentas y la equidad.<\/p><p style=\"text-align: left;\">El encuentro internacional tuvo lugar en la sede del Tribunal de Cuentas del vecino pa\u00eds. El Tribunal Superior de Justicia de Buenos Aires co-organiz\u00f3, por su parte, un evento colateral sobre \u201cExperiencias pr\u00e1cticas de justicia abierta en Am\u00e9rica latina\u201d.<\/p><p style=\"text-align: left;\">Del mismo participaron, adem\u00e1s de la jueza Weinberg, la ministra del Tribunal Superior Electoral de Brasil, Edilene Lobo; el juez de la Corte Suprema de Justicia de Costa Rica, Gerardo Rub\u00e9n Alfaro Vargas; el juez del Consejo de Estado de Colombia, Wilson Ramos Gir\u00f3n; el juez y coordinador del Centro de Cooperaci\u00f3n Judicial de la 3\u00b0 regi\u00f3n de Brasil, Ant\u00f4nio Gomes de Vasconcelos; el Juez del Tribunal de Justicia de San Pablo, Andr\u00e9 Augusto Salvador Bezerra; la Procuradora General del Municipio de Contagem, Mina Gerais, Sarah Campos; la asesora del Supremo Tribunal Federal, Vanessa Menegeti, y la directora de la Federaci\u00f3n Nacional de Trabajadores Judiciales, Adriana Toscano de Siqueira.\u00a0\u00a0<\/p><p style=\"text-align: left;\">La juez Weinberg mantuvo tambi\u00e9n un encuentro con el CEO de OGP (Open Government Partnership), Sanjay Pradhan.<\/p>\t\t\t\t\t\t\t\t<\/div>\n\t\t\t\t<\/div>\n\t\t\t\t<div class=\"elementor-element elementor-element-5cc9a78 elementor-widget elementor-widget-image\" data-id=\"5cc9a78\" data-element_type=\"widget\" data-e-type=\"widget\" data-widget_type=\"image.default\">\n\t\t\t\t<div class=\"elementor-widget-container\">\n\t\t\t\t\t\t\t\t\t\t\t\t\t\t\t<img fetchpriority=\"high\" decoding=\"async\" width=\"410\" height=\"589\" src=\"https:\/\/inesweinbergderoca.com\/wp-content\/uploads\/2024\/12\/foto-brasilia.jpg\" class=\"attachment-large size-large wp-image-2738\" alt=\"\" srcset=\"https:\/\/inesweinbergderoca.com\/wp-content\/uploads\/2024\/12\/foto-brasilia.jpg 410w, https:\/\/inesweinbergderoca.com\/wp-content\/uploads\/2024\/12\/foto-brasilia-209x300.jpg 209w\" sizes=\"(max-width: 410px) 100vw, 410px\" \/>\t\t\t\t\t\t\t\t\t\t\t\t\t\t\t<\/div>\n\t\t\t\t<\/div>\n\t\t\t\t<div class=\"elementor-element elementor-element-95d4f5a elementor-widget elementor-widget-text-editor\" data-id=\"95d4f5a\" data-element_type=\"widget\" data-e-type=\"widget\" data-widget_type=\"text-editor.default\">\n\t\t\t\t<div class=\"elementor-widget-container\">\n\t\t\t\t\t\t\t\t\t<p style=\"text-align: center;\">La presidente del Tribunal Superior de Justicia de CABA, In\u00e9s Weinberg de Roca, y el secretario judicial Ferm\u00edn Igarz\u00e1bal y Rudi Borrmann,<br \/>director de Comunicaci\u00f3n, contenido y Community Engagement de Am\u00e9rica Abierta en Brasilia<\/p>\t\t\t\t\t\t\t\t<\/div>\n\t\t\t\t<\/div>\n\t\t\t\t\t<\/div>\n\t\t<\/div>\n\t\t\t\t\t<\/div>\n\t\t<\/section>\n\t\t\t\t<section class=\"elementor-section elementor-top-section elementor-element elementor-element-e5e8835 elementor-section-boxed elementor-section-height-default elementor-section-height-default\" data-id=\"e5e8835\" data-element_type=\"section\" data-e-type=\"section\">\n\t\t\t\t\t\t<div class=\"elementor-container elementor-column-gap-default\">\n\t\t\t\t\t<div class=\"elementor-column elementor-col-100 elementor-top-column elementor-element elementor-element-92c151b\" data-id=\"92c151b\" data-element_type=\"column\" data-e-type=\"column\">\n\t\t\t<div class=\"elementor-widget-wrap elementor-element-populated\">\n\t\t\t\t\t\t<div class=\"elementor-element elementor-element-074c82e elementor-widget elementor-widget-spacer\" data-id=\"074c82e\" data-element_type=\"widget\" data-e-type=\"widget\" data-widget_type=\"spacer.default\">\n\t\t\t\t<div class=\"elementor-widget-container\">\n\t\t\t\t\t\t\t<div class=\"elementor-spacer\">\n\t\t\t<div class=\"elementor-spacer-inner\"><\/div>\n\t\t<\/div>\n\t\t\t\t\t\t<\/div>\n\t\t\t\t<\/div>\n\t\t\t\t<div class=\"elementor-element elementor-element-27dae56 elementor-widget elementor-widget-spacer\" data-id=\"27dae56\" data-element_type=\"widget\" data-e-type=\"widget\" data-widget_type=\"spacer.default\">\n\t\t\t\t<div class=\"elementor-widget-container\">\n\t\t\t\t\t\t\t<div class=\"elementor-spacer\">\n\t\t\t<div class=\"elementor-spacer-inner\"><\/div>\n\t\t<\/div>\n\t\t\t\t\t\t<\/div>\n\t\t\t\t<\/div>\n\t\t\t\t<div class=\"elementor-element elementor-element-e6c8cd8 elementor-widget elementor-widget-heading\" data-id=\"e6c8cd8\" data-element_type=\"widget\" data-e-type=\"widget\" data-widget_type=\"heading.default\">\n\t\t\t\t<div class=\"elementor-widget-container\">\n\t\t\t\t\t<h2 class=\"elementor-heading-title elementor-size-default\">Derechos de la Mujer\n<\/h2>\t\t\t\t<\/div>\n\t\t\t\t<\/div>\n\t\t\t\t<div class=\"elementor-element elementor-element-7f94417 elementor-widget elementor-widget-spacer\" data-id=\"7f94417\" data-element_type=\"widget\" data-e-type=\"widget\" data-widget_type=\"spacer.default\">\n\t\t\t\t<div class=\"elementor-widget-container\">\n\t\t\t\t\t\t\t<div class=\"elementor-spacer\">\n\t\t\t<div class=\"elementor-spacer-inner\"><\/div>\n\t\t<\/div>\n\t\t\t\t\t\t<\/div>\n\t\t\t\t<\/div>\n\t\t\t\t\t<\/div>\n\t\t<\/div>\n\t\t\t\t\t<\/div>\n\t\t<\/section>\n\t\t\t\t<section class=\"elementor-section elementor-top-section elementor-element elementor-element-0da3927 elementor-section-boxed elementor-section-height-default elementor-section-height-default\" data-id=\"0da3927\" data-element_type=\"section\" data-e-type=\"section\" data-settings=\"{&quot;background_background&quot;:&quot;classic&quot;}\">\n\t\t\t\t\t\t<div class=\"elementor-container elementor-column-gap-default\">\n\t\t\t\t\t<div class=\"elementor-column elementor-col-100 elementor-top-column elementor-element elementor-element-26d3b3f\" data-id=\"26d3b3f\" data-element_type=\"column\" data-e-type=\"column\">\n\t\t\t<div class=\"elementor-widget-wrap elementor-element-populated\">\n\t\t\t\t\t\t<div class=\"elementor-element elementor-element-436e58d elementor-widget elementor-widget-text-editor\" data-id=\"436e58d\" data-element_type=\"widget\" data-e-type=\"widget\" data-widget_type=\"text-editor.default\">\n\t\t\t\t<div class=\"elementor-widget-container\">\n\t\t\t\t\t\t\t\t\t<p><a href=\"https:\/\/dialogociudadano.fam.org.ar\/necesitamos-politicas-publicas-que-achiquen-la-brecha-aumenten-la-paridad-y-reconozcan-los-derechos-humanos-de-quienes-constituimos-la-mitad-de-la-poblacion-mundial\/\">https:\/\/dialogociudadano.fam.org.ar\/necesitamos-politicas-publicas-que-achiquen-la-brecha-aumenten-la-paridad-y-reconozcan-los-derechos-humanos-de-quienes-constituimos-la-mitad-de-la-poblacion-mundial\/<\/a><\/p><p>Federaci\u00f3n Argentina de la Magistratura y la Funci\u00f3n Judicial 08\/03\/2022<\/p>\t\t\t\t\t\t\t\t<\/div>\n\t\t\t\t<\/div>\n\t\t\t\t\t<\/div>\n\t\t<\/div>\n\t\t\t\t\t<\/div>\n\t\t<\/section>\n\t\t\t\t<section class=\"elementor-section elementor-top-section elementor-element elementor-element-aa39d29 elementor-section-boxed elementor-section-height-default elementor-section-height-default\" data-id=\"aa39d29\" data-element_type=\"section\" data-e-type=\"section\">\n\t\t\t\t\t\t<div class=\"elementor-container elementor-column-gap-default\">\n\t\t\t\t\t<div class=\"elementor-column elementor-col-100 elementor-top-column elementor-element elementor-element-e234bc8\" data-id=\"e234bc8\" data-element_type=\"column\" data-e-type=\"column\">\n\t\t\t<div class=\"elementor-widget-wrap elementor-element-populated\">\n\t\t\t\t\t\t<div class=\"elementor-element elementor-element-0993168 elementor-widget elementor-widget-spacer\" data-id=\"0993168\" data-element_type=\"widget\" data-e-type=\"widget\" data-widget_type=\"spacer.default\">\n\t\t\t\t<div class=\"elementor-widget-container\">\n\t\t\t\t\t\t\t<div class=\"elementor-spacer\">\n\t\t\t<div class=\"elementor-spacer-inner\"><\/div>\n\t\t<\/div>\n\t\t\t\t\t\t<\/div>\n\t\t\t\t<\/div>\n\t\t\t\t<div class=\"elementor-element elementor-element-9e4368e elementor-widget elementor-widget-spacer\" data-id=\"9e4368e\" data-element_type=\"widget\" data-e-type=\"widget\" data-widget_type=\"spacer.default\">\n\t\t\t\t<div class=\"elementor-widget-container\">\n\t\t\t\t\t\t\t<div class=\"elementor-spacer\">\n\t\t\t<div class=\"elementor-spacer-inner\"><\/div>\n\t\t<\/div>\n\t\t\t\t\t\t<\/div>\n\t\t\t\t<\/div>\n\t\t\t\t<div class=\"elementor-element elementor-element-efaf1af elementor-widget elementor-widget-heading\" data-id=\"efaf1af\" data-element_type=\"widget\" data-e-type=\"widget\" data-widget_type=\"heading.default\">\n\t\t\t\t<div class=\"elementor-widget-container\">\n\t\t\t\t\t<h2 class=\"elementor-heading-title elementor-size-default\">Consejo Consultivo \n<\/h2>\t\t\t\t<\/div>\n\t\t\t\t<\/div>\n\t\t\t\t<div class=\"elementor-element elementor-element-5c03845 elementor-widget elementor-widget-spacer\" data-id=\"5c03845\" data-element_type=\"widget\" data-e-type=\"widget\" data-widget_type=\"spacer.default\">\n\t\t\t\t<div class=\"elementor-widget-container\">\n\t\t\t\t\t\t\t<div class=\"elementor-spacer\">\n\t\t\t<div class=\"elementor-spacer-inner\"><\/div>\n\t\t<\/div>\n\t\t\t\t\t\t<\/div>\n\t\t\t\t<\/div>\n\t\t\t\t\t<\/div>\n\t\t<\/div>\n\t\t\t\t\t<\/div>\n\t\t<\/section>\n\t\t\t\t<section class=\"elementor-section elementor-top-section elementor-element elementor-element-f62ab7f elementor-section-boxed elementor-section-height-default elementor-section-height-default\" data-id=\"f62ab7f\" data-element_type=\"section\" data-e-type=\"section\" data-settings=\"{&quot;background_background&quot;:&quot;classic&quot;}\">\n\t\t\t\t\t\t<div class=\"elementor-container elementor-column-gap-default\">\n\t\t\t\t\t<div class=\"elementor-column elementor-col-100 elementor-top-column elementor-element elementor-element-60b3e73\" data-id=\"60b3e73\" data-element_type=\"column\" data-e-type=\"column\">\n\t\t\t<div class=\"elementor-widget-wrap elementor-element-populated\">\n\t\t\t\t\t\t<div class=\"elementor-element elementor-element-87c7b22 elementor-widget elementor-widget-text-editor\" data-id=\"87c7b22\" data-element_type=\"widget\" data-e-type=\"widget\" data-widget_type=\"text-editor.default\">\n\t\t\t\t<div class=\"elementor-widget-container\">\n\t\t\t\t\t\t\t\t\t<p><a href=\"https:\/\/www.lanacion.com.ar\/politica\/el-comite-asesora-al-presidente-justicia-termino-nid2509820\/\" target=\"_blank\" rel=\"noopener\">https:\/\/www.lanacion.com.ar\/politica\/el-comite-asesora-al-presidente-justicia-termino-nid2509820\/<\/a><\/p><p>LN 15\/11\/2020<br \/><br \/><\/p><p><a href=\"https:\/\/www.telam.com.ar\/notas\/202011\/533217-consejo-consultivo-reforma-judicial-reuniones.html\" target=\"_blank\" rel=\"noopener\">https:\/\/www.telam.com.ar\/notas\/202011\/533217-consejo-consultivo-reforma-judicial-reuniones.html<\/a><\/p><p>Telam 07\/11\/2020<\/p>\t\t\t\t\t\t\t\t<\/div>\n\t\t\t\t<\/div>\n\t\t\t\t\t<\/div>\n\t\t<\/div>\n\t\t\t\t\t<\/div>\n\t\t<\/section>\n\t\t\t\t<section class=\"elementor-section elementor-top-section elementor-element elementor-element-09942ce elementor-section-boxed elementor-section-height-default elementor-section-height-default\" data-id=\"09942ce\" data-element_type=\"section\" data-e-type=\"section\">\n\t\t\t\t\t\t<div class=\"elementor-container elementor-column-gap-default\">\n\t\t\t\t\t<div class=\"elementor-column elementor-col-100 elementor-top-column elementor-element elementor-element-81a8af8\" data-id=\"81a8af8\" data-element_type=\"column\" data-e-type=\"column\">\n\t\t\t<div class=\"elementor-widget-wrap elementor-element-populated\">\n\t\t\t\t\t\t<div class=\"elementor-element elementor-element-5351b5b elementor-widget elementor-widget-spacer\" data-id=\"5351b5b\" data-element_type=\"widget\" data-e-type=\"widget\" data-widget_type=\"spacer.default\">\n\t\t\t\t<div class=\"elementor-widget-container\">\n\t\t\t\t\t\t\t<div class=\"elementor-spacer\">\n\t\t\t<div class=\"elementor-spacer-inner\"><\/div>\n\t\t<\/div>\n\t\t\t\t\t\t<\/div>\n\t\t\t\t<\/div>\n\t\t\t\t<div class=\"elementor-element elementor-element-01591fa elementor-widget elementor-widget-heading\" data-id=\"01591fa\" data-element_type=\"widget\" data-e-type=\"widget\" data-widget_type=\"heading.default\">\n\t\t\t\t<div class=\"elementor-widget-container\">\n\t\t\t\t\t<h2 class=\"elementor-heading-title elementor-size-default\">Procuraci\u00f3n General de la Naci\u00f3n<\/h2>\t\t\t\t<\/div>\n\t\t\t\t<\/div>\n\t\t\t\t<div class=\"elementor-element elementor-element-99e3fb9 elementor-widget elementor-widget-spacer\" data-id=\"99e3fb9\" data-element_type=\"widget\" data-e-type=\"widget\" data-widget_type=\"spacer.default\">\n\t\t\t\t<div class=\"elementor-widget-container\">\n\t\t\t\t\t\t\t<div class=\"elementor-spacer\">\n\t\t\t<div class=\"elementor-spacer-inner\"><\/div>\n\t\t<\/div>\n\t\t\t\t\t\t<\/div>\n\t\t\t\t<\/div>\n\t\t\t\t\t<\/div>\n\t\t<\/div>\n\t\t\t\t\t<\/div>\n\t\t<\/section>\n\t\t\t\t<section class=\"elementor-section elementor-top-section elementor-element elementor-element-a433bc7 elementor-section-boxed elementor-section-height-default elementor-section-height-default\" data-id=\"a433bc7\" data-element_type=\"section\" data-e-type=\"section\" data-settings=\"{&quot;background_background&quot;:&quot;classic&quot;}\">\n\t\t\t\t\t\t<div class=\"elementor-container elementor-column-gap-default\">\n\t\t\t\t\t<div class=\"elementor-column elementor-col-100 elementor-top-column elementor-element elementor-element-072995e\" data-id=\"072995e\" data-element_type=\"column\" data-e-type=\"column\">\n\t\t\t<div class=\"elementor-widget-wrap elementor-element-populated\">\n\t\t\t\t\t\t<div class=\"elementor-element elementor-element-a67c640 elementor-widget elementor-widget-text-editor\" data-id=\"a67c640\" data-element_type=\"widget\" data-e-type=\"widget\" data-widget_type=\"text-editor.default\">\n\t\t\t\t<div class=\"elementor-widget-container\">\n\t\t\t\t\t\t\t\t\t<p><a href=\"https:\/\/www.lanacion.com.ar\/politica\/la-candidata-a-jefa-de-fiscales-sorteo-sin-sobresaltos-el-primer-filtro-del-congreso-nid2158087\/\" target=\"_blank\" rel=\"noopener\">https:\/\/www.lanacion.com.ar\/politica\/la-candidata-a-jefa-de-fiscales-sorteo-sin-sobresaltos-el-primer-filtro-del-congreso-nid2158087\/<\/a><\/p><p>LN 01\/08\/2018<\/p><p>\u00a0<\/p><p><a href=\"https:\/\/www.cronista.com\/economiapolitica\/El-Senado-le-dio-ingreso-formal-al-pliego-de-Weinberg-de-Roca-20180531-0016.html\" target=\"_blank\" rel=\"noopener\">https:\/\/www.cronista.com\/economiapolitica\/El-Senado-le-dio-ingreso-formal-al-pliego-de-Weinberg-de-Roca-20180531-0016.html<\/a><\/p><p>Cronista 31\/05\/2018<\/p><p>\u00a0<\/p><p><a href=\"https:\/\/www.diariojudicial.com\/nota\/80469\" target=\"_blank\" rel=\"noopener\">https:\/\/www.diariojudicial.com\/nota\/80469<\/a><\/p><p>Diario Judicial 06\/04\/2018<\/p><p>\u00a0<\/p><p><a href=\"https:\/\/www.lanacion.com.ar\/politica\/macri-recibe-a-weinberg-de-roca-y-acelera-el-proceso-para-su-designacion-nid2119208\/\" target=\"_blank\" rel=\"noopener\">https:\/\/www.lanacion.com.ar\/politica\/macri-recibe-a-weinberg-de-roca-y-acelera-el-proceso-para-su-designacion-nid2119208\/<\/a><\/p><p>LN 22\/03\/2018<\/p><p>\u00a0<\/p><p><a href=\"https:\/\/www.telam.com.ar\/notas\/201803\/262977-garavano-y-tonelli-destacan-la-trayectoria-de-ines-weinberg.html\" target=\"_blank\" rel=\"noopener\">https:\/\/www.telam.com.ar\/notas\/201803\/262977-garavano-y-tonelli-destacan-la-trayectoria-de-ines-weinberg.html<\/a><\/p><p>Telam 22\/03\/2018<\/p>\t\t\t\t\t\t\t\t<\/div>\n\t\t\t\t<\/div>\n\t\t\t\t\t<\/div>\n\t\t<\/div>\n\t\t\t\t\t<\/div>\n\t\t<\/section>\n\t\t\t\t<section class=\"elementor-section elementor-top-section elementor-element elementor-element-fd07c45 elementor-section-boxed elementor-section-height-default elementor-section-height-default\" data-id=\"fd07c45\" data-element_type=\"section\" data-e-type=\"section\">\n\t\t\t\t\t\t<div class=\"elementor-container elementor-column-gap-default\">\n\t\t\t\t\t<div class=\"elementor-column elementor-col-100 elementor-top-column elementor-element elementor-element-4567a45\" data-id=\"4567a45\" data-element_type=\"column\" data-e-type=\"column\">\n\t\t\t<div class=\"elementor-widget-wrap elementor-element-populated\">\n\t\t\t\t\t\t<div class=\"elementor-element elementor-element-ea568aa elementor-widget elementor-widget-spacer\" data-id=\"ea568aa\" data-element_type=\"widget\" data-e-type=\"widget\" data-widget_type=\"spacer.default\">\n\t\t\t\t<div class=\"elementor-widget-container\">\n\t\t\t\t\t\t\t<div class=\"elementor-spacer\">\n\t\t\t<div class=\"elementor-spacer-inner\"><\/div>\n\t\t<\/div>\n\t\t\t\t\t\t<\/div>\n\t\t\t\t<\/div>\n\t\t\t\t<div class=\"elementor-element elementor-element-84861da elementor-widget elementor-widget-heading\" data-id=\"84861da\" data-element_type=\"widget\" data-e-type=\"widget\" data-widget_type=\"heading.default\">\n\t\t\t\t<div class=\"elementor-widget-container\">\n\t\t\t\t\t<h2 class=\"elementor-heading-title elementor-size-default\">Ruanda<\/h2>\t\t\t\t<\/div>\n\t\t\t\t<\/div>\n\t\t\t\t<div class=\"elementor-element elementor-element-6a6fc2e elementor-widget elementor-widget-spacer\" data-id=\"6a6fc2e\" data-element_type=\"widget\" data-e-type=\"widget\" data-widget_type=\"spacer.default\">\n\t\t\t\t<div class=\"elementor-widget-container\">\n\t\t\t\t\t\t\t<div class=\"elementor-spacer\">\n\t\t\t<div class=\"elementor-spacer-inner\"><\/div>\n\t\t<\/div>\n\t\t\t\t\t\t<\/div>\n\t\t\t\t<\/div>\n\t\t\t\t\t<\/div>\n\t\t<\/div>\n\t\t\t\t\t<\/div>\n\t\t<\/section>\n\t\t\t\t<section class=\"elementor-section elementor-top-section elementor-element elementor-element-f7f6fd0 elementor-section-boxed elementor-section-height-default elementor-section-height-default\" data-id=\"f7f6fd0\" data-element_type=\"section\" data-e-type=\"section\" data-settings=\"{&quot;background_background&quot;:&quot;classic&quot;}\">\n\t\t\t\t\t\t<div class=\"elementor-container elementor-column-gap-default\">\n\t\t\t\t\t<div class=\"elementor-column elementor-col-100 elementor-top-column elementor-element elementor-element-9a32546\" data-id=\"9a32546\" data-element_type=\"column\" data-e-type=\"column\">\n\t\t\t<div class=\"elementor-widget-wrap elementor-element-populated\">\n\t\t\t\t\t\t<div class=\"elementor-element elementor-element-5d066e6 elementor-widget elementor-widget-text-editor\" data-id=\"5d066e6\" data-element_type=\"widget\" data-e-type=\"widget\" data-widget_type=\"text-editor.default\">\n\t\t\t\t<div class=\"elementor-widget-container\">\n\t\t\t\t\t\t\t\t\t<p><a href=\"https:\/\/noticiaspositivas.org\/los-100-dias-que-no-conmovieron-al-mundo\/\" target=\"_blank\" rel=\"noopener\">https:\/\/noticiaspositivas.org\/los-100-dias-que-no-conmovieron-al-mundo\/<\/a><br \/><br \/><a href=\"https:\/\/www.iri.edu.ar\/index.php\/2016\/01\/26\/genocidio-de-ruanda-micro-programas-de-10-minutos-de-duracion\/\" target=\"_blank\" rel=\"noopener\">https:\/\/www.iri.edu.ar\/index.php\/2016\/01\/26\/genocidio-de-ruanda-micro-programas-de-10-minutos-de-duracion\/<\/a><br \/><br \/><\/p><p><a href=\"https:\/\/www.lanacion.com.ar\/opinion\/ines-weinberg-de-roca-el-desafio-de-hacer-justicia-despues-del-horror-nid1110809\/\" target=\"_blank\" rel=\"noopener\">https:\/\/www.lanacion.com.ar\/opinion\/ines-weinberg-de-roca-el-desafio-de-hacer-justicia-despues-del-horror-nid1110809\/<\/a><br \/><br \/><\/p><p><a href=\"https:\/\/www.lanacion.com.ar\/espectaculos\/cine\/iluminar-una-tragedia-silenciada-nid1132149\/\" target=\"_blank\" rel=\"noopener\">https:\/\/www.lanacion.com.ar\/espectaculos\/cine\/iluminar-una-tragedia-silenciada-nid1132149\/<\/a><br \/><br \/><\/p><p><a href=\"https:\/\/www.lanacion.com.ar\/espectaculos\/cine\/el-genocidio-de-ruanda-contado-por-argentinas-nid1132801\/\" target=\"_blank\" rel=\"noopener\">https:\/\/www.lanacion.com.ar\/espectaculos\/cine\/el-genocidio-de-ruanda-contado-por-argentinas-nid1132801\/<\/a><\/p><p>\u00a0<\/p>\t\t\t\t\t\t\t\t<\/div>\n\t\t\t\t<\/div>\n\t\t\t\t\t<\/div>\n\t\t<\/div>\n\t\t\t\t\t<\/div>\n\t\t<\/section>\n\t\t\t\t<section class=\"elementor-section elementor-top-section elementor-element elementor-element-905df9c elementor-section-boxed elementor-section-height-default elementor-section-height-default\" data-id=\"905df9c\" data-element_type=\"section\" data-e-type=\"section\">\n\t\t\t\t\t\t<div class=\"elementor-container elementor-column-gap-default\">\n\t\t\t\t\t<div class=\"elementor-column elementor-col-100 elementor-top-column elementor-element elementor-element-d69a87e\" data-id=\"d69a87e\" data-element_type=\"column\" data-e-type=\"column\">\n\t\t\t<div class=\"elementor-widget-wrap elementor-element-populated\">\n\t\t\t\t\t\t<div class=\"elementor-element elementor-element-10aa7aa elementor-widget elementor-widget-spacer\" data-id=\"10aa7aa\" data-element_type=\"widget\" data-e-type=\"widget\" data-widget_type=\"spacer.default\">\n\t\t\t\t<div class=\"elementor-widget-container\">\n\t\t\t\t\t\t\t<div class=\"elementor-spacer\">\n\t\t\t<div class=\"elementor-spacer-inner\"><\/div>\n\t\t<\/div>\n\t\t\t\t\t\t<\/div>\n\t\t\t\t<\/div>\n\t\t\t\t\t<\/div>\n\t\t<\/div>\n\t\t\t\t\t<\/div>\n\t\t<\/section>\n\t\t\t\t<\/div>\n\t\t","protected":false},"excerpt":{"rendered":"<p>Exposici\u00f3n de la Presidente del TSJ de la Ciudad Aut\u00f3noma de Buenos en la Cumbre Global OGP 2025, en el Pa\u00eds Vasco, Espa\u00f1a En el Pa\u00eds Vasco, el Tribunal Superior de Justicia porte\u00f1o comparti\u00f3 su modelo de datos abiertos para una mayor participaci\u00f3n ciudadana. La presidente del Tribunal Superior de Justicia de la Ciudad de <a class=\"more-link\" href=\"https:\/\/inesweinbergderoca.com\/index.php\/prensa\/notas\/\">Continue reading <i class=\"fa fa-chevron-right\"><\/i><\/a><\/p>\n","protected":false},"author":1,"featured_media":0,"parent":155,"menu_order":0,"comment_status":"closed","ping_status":"closed","template":"elementor_header_footer","meta":{"_monsterinsights_skip_tracking":false,"_monsterinsights_sitenote_active":false,"_monsterinsights_sitenote_note":"","_monsterinsights_sitenote_category":0,"footnotes":""},"class_list":["post-622","page","type-page","status-publish","hentry"],"yoast_head":"<!-- This site is optimized with the Yoast SEO plugin v27.5 - https:\/\/yoast.com\/product\/yoast-seo-wordpress\/ -->\n<title>Notas &#062; In\u00e9s Weinberg de Roca<\/title>\n<meta name=\"robots\" content=\"index, follow, max-snippet:-1, max-image-preview:large, max-video-preview:-1\" \/>\n<link rel=\"canonical\" href=\"https:\/\/inesweinbergderoca.com\/index.php\/prensa\/notas\/\" \/>\n<meta property=\"og:locale\" content=\"es_ES\" \/>\n<meta property=\"og:type\" content=\"article\" \/>\n<meta property=\"og:title\" content=\"Notas &#062; In\u00e9s Weinberg de Roca\" \/>\n<meta property=\"og:description\" content=\"Exposici\u00f3n de la Presidente del TSJ de la Ciudad Aut\u00f3noma de Buenos en la Cumbre Global OGP 2025, en el Pa\u00eds Vasco, Espa\u00f1a En el Pa\u00eds Vasco, el Tribunal Superior de Justicia porte\u00f1o comparti\u00f3 su modelo de datos abiertos para una mayor participaci\u00f3n ciudadana. La presidente del Tribunal Superior de Justicia de la Ciudad de Continue reading\" \/>\n<meta property=\"og:url\" content=\"https:\/\/inesweinbergderoca.com\/index.php\/prensa\/notas\/\" \/>\n<meta property=\"og:site_name\" content=\"In\u00e9s Weinberg de Roca\" \/>\n<meta property=\"article:modified_time\" content=\"2026-03-26T17:05:19+00:00\" \/>\n<meta property=\"og:image\" content=\"https:\/\/inesweinbergderoca.com\/wp-content\/uploads\/2024\/12\/foto-brasilia.jpg\" \/>\n\t<meta property=\"og:image:width\" content=\"410\" \/>\n\t<meta property=\"og:image:height\" content=\"589\" \/>\n\t<meta property=\"og:image:type\" content=\"image\/jpeg\" \/>\n<meta name=\"twitter:card\" content=\"summary_large_image\" \/>\n<meta name=\"twitter:label1\" content=\"Tiempo de lectura\" \/>\n\t<meta name=\"twitter:data1\" content=\"1 minuto\" \/>\n<script type=\"application\/ld+json\" class=\"yoast-schema-graph\">{\"@context\":\"https:\\\/\\\/schema.org\",\"@graph\":[{\"@type\":\"WebPage\",\"@id\":\"https:\\\/\\\/inesweinbergderoca.com\\\/index.php\\\/prensa\\\/notas\\\/\",\"url\":\"https:\\\/\\\/inesweinbergderoca.com\\\/index.php\\\/prensa\\\/notas\\\/\",\"name\":\"Notas &#062; In\u00e9s Weinberg de Roca\",\"isPartOf\":{\"@id\":\"https:\\\/\\\/inesweinbergderoca.com\\\/#website\"},\"primaryImageOfPage\":{\"@id\":\"https:\\\/\\\/inesweinbergderoca.com\\\/index.php\\\/prensa\\\/notas\\\/#primaryimage\"},\"image\":{\"@id\":\"https:\\\/\\\/inesweinbergderoca.com\\\/index.php\\\/prensa\\\/notas\\\/#primaryimage\"},\"thumbnailUrl\":\"https:\\\/\\\/inesweinbergderoca.com\\\/wp-content\\\/uploads\\\/2024\\\/12\\\/foto-brasilia.jpg\",\"datePublished\":\"2021-05-07T04:32:36+00:00\",\"dateModified\":\"2026-03-26T17:05:19+00:00\",\"breadcrumb\":{\"@id\":\"https:\\\/\\\/inesweinbergderoca.com\\\/index.php\\\/prensa\\\/notas\\\/#breadcrumb\"},\"inLanguage\":\"es-AR\",\"potentialAction\":[{\"@type\":\"ReadAction\",\"target\":[\"https:\\\/\\\/inesweinbergderoca.com\\\/index.php\\\/prensa\\\/notas\\\/\"]}]},{\"@type\":\"ImageObject\",\"inLanguage\":\"es-AR\",\"@id\":\"https:\\\/\\\/inesweinbergderoca.com\\\/index.php\\\/prensa\\\/notas\\\/#primaryimage\",\"url\":\"https:\\\/\\\/inesweinbergderoca.com\\\/wp-content\\\/uploads\\\/2024\\\/12\\\/foto-brasilia.jpg\",\"contentUrl\":\"https:\\\/\\\/inesweinbergderoca.com\\\/wp-content\\\/uploads\\\/2024\\\/12\\\/foto-brasilia.jpg\",\"width\":410,\"height\":589},{\"@type\":\"BreadcrumbList\",\"@id\":\"https:\\\/\\\/inesweinbergderoca.com\\\/index.php\\\/prensa\\\/notas\\\/#breadcrumb\",\"itemListElement\":[{\"@type\":\"ListItem\",\"position\":1,\"name\":\"Inicio\",\"item\":\"https:\\\/\\\/inesweinbergderoca.com\\\/\"},{\"@type\":\"ListItem\",\"position\":2,\"name\":\"Prensa\",\"item\":\"https:\\\/\\\/inesweinbergderoca.com\\\/index.php\\\/prensa\\\/\"},{\"@type\":\"ListItem\",\"position\":3,\"name\":\"Notas\"}]},{\"@type\":\"WebSite\",\"@id\":\"https:\\\/\\\/inesweinbergderoca.com\\\/#website\",\"url\":\"https:\\\/\\\/inesweinbergderoca.com\\\/\",\"name\":\"Ines Weinberg de Roca Sitio Oficial\",\"description\":\"\",\"publisher\":{\"@id\":\"https:\\\/\\\/inesweinbergderoca.com\\\/#\\\/schema\\\/person\\\/e935f5cfe8b9d91e4e11182ac4455393\"},\"potentialAction\":[{\"@type\":\"SearchAction\",\"target\":{\"@type\":\"EntryPoint\",\"urlTemplate\":\"https:\\\/\\\/inesweinbergderoca.com\\\/?s={search_term_string}\"},\"query-input\":{\"@type\":\"PropertyValueSpecification\",\"valueRequired\":true,\"valueName\":\"search_term_string\"}}],\"inLanguage\":\"es-AR\"},{\"@type\":[\"Person\",\"Organization\"],\"@id\":\"https:\\\/\\\/inesweinbergderoca.com\\\/#\\\/schema\\\/person\\\/e935f5cfe8b9d91e4e11182ac4455393\",\"name\":\"Susana2021\",\"image\":{\"@type\":\"ImageObject\",\"inLanguage\":\"es-AR\",\"@id\":\"https:\\\/\\\/inesweinbergderoca.com\\\/wp-content\\\/uploads\\\/2021\\\/06\\\/cropped-favicon.jpg\",\"url\":\"https:\\\/\\\/inesweinbergderoca.com\\\/wp-content\\\/uploads\\\/2021\\\/06\\\/cropped-favicon.jpg\",\"contentUrl\":\"https:\\\/\\\/inesweinbergderoca.com\\\/wp-content\\\/uploads\\\/2021\\\/06\\\/cropped-favicon.jpg\",\"width\":512,\"height\":512,\"caption\":\"Susana2021\"},\"logo\":{\"@id\":\"https:\\\/\\\/inesweinbergderoca.com\\\/wp-content\\\/uploads\\\/2021\\\/06\\\/cropped-favicon.jpg\"},\"sameAs\":[\"https:\\\/\\\/inesweinbergderoca.com\"]}]}<\/script>\n<!-- \/ Yoast SEO plugin. -->","yoast_head_json":{"title":"Notas &#062; In\u00e9s Weinberg de Roca","robots":{"index":"index","follow":"follow","max-snippet":"max-snippet:-1","max-image-preview":"max-image-preview:large","max-video-preview":"max-video-preview:-1"},"canonical":"https:\/\/inesweinbergderoca.com\/index.php\/prensa\/notas\/","og_locale":"es_ES","og_type":"article","og_title":"Notas &#062; In\u00e9s Weinberg de Roca","og_description":"Exposici\u00f3n de la Presidente del TSJ de la Ciudad Aut\u00f3noma de Buenos en la Cumbre Global OGP 2025, en el Pa\u00eds Vasco, Espa\u00f1a En el Pa\u00eds Vasco, el Tribunal Superior de Justicia porte\u00f1o comparti\u00f3 su modelo de datos abiertos para una mayor participaci\u00f3n ciudadana. La presidente del Tribunal Superior de Justicia de la Ciudad de Continue reading","og_url":"https:\/\/inesweinbergderoca.com\/index.php\/prensa\/notas\/","og_site_name":"In\u00e9s Weinberg de Roca","article_modified_time":"2026-03-26T17:05:19+00:00","og_image":[{"width":410,"height":589,"url":"https:\/\/inesweinbergderoca.com\/wp-content\/uploads\/2024\/12\/foto-brasilia.jpg","type":"image\/jpeg"}],"twitter_card":"summary_large_image","twitter_misc":{"Tiempo de lectura":"1 minuto"},"schema":{"@context":"https:\/\/schema.org","@graph":[{"@type":"WebPage","@id":"https:\/\/inesweinbergderoca.com\/index.php\/prensa\/notas\/","url":"https:\/\/inesweinbergderoca.com\/index.php\/prensa\/notas\/","name":"Notas &#062; In\u00e9s Weinberg de Roca","isPartOf":{"@id":"https:\/\/inesweinbergderoca.com\/#website"},"primaryImageOfPage":{"@id":"https:\/\/inesweinbergderoca.com\/index.php\/prensa\/notas\/#primaryimage"},"image":{"@id":"https:\/\/inesweinbergderoca.com\/index.php\/prensa\/notas\/#primaryimage"},"thumbnailUrl":"https:\/\/inesweinbergderoca.com\/wp-content\/uploads\/2024\/12\/foto-brasilia.jpg","datePublished":"2021-05-07T04:32:36+00:00","dateModified":"2026-03-26T17:05:19+00:00","breadcrumb":{"@id":"https:\/\/inesweinbergderoca.com\/index.php\/prensa\/notas\/#breadcrumb"},"inLanguage":"es-AR","potentialAction":[{"@type":"ReadAction","target":["https:\/\/inesweinbergderoca.com\/index.php\/prensa\/notas\/"]}]},{"@type":"ImageObject","inLanguage":"es-AR","@id":"https:\/\/inesweinbergderoca.com\/index.php\/prensa\/notas\/#primaryimage","url":"https:\/\/inesweinbergderoca.com\/wp-content\/uploads\/2024\/12\/foto-brasilia.jpg","contentUrl":"https:\/\/inesweinbergderoca.com\/wp-content\/uploads\/2024\/12\/foto-brasilia.jpg","width":410,"height":589},{"@type":"BreadcrumbList","@id":"https:\/\/inesweinbergderoca.com\/index.php\/prensa\/notas\/#breadcrumb","itemListElement":[{"@type":"ListItem","position":1,"name":"Inicio","item":"https:\/\/inesweinbergderoca.com\/"},{"@type":"ListItem","position":2,"name":"Prensa","item":"https:\/\/inesweinbergderoca.com\/index.php\/prensa\/"},{"@type":"ListItem","position":3,"name":"Notas"}]},{"@type":"WebSite","@id":"https:\/\/inesweinbergderoca.com\/#website","url":"https:\/\/inesweinbergderoca.com\/","name":"Ines Weinberg de Roca Sitio Oficial","description":"","publisher":{"@id":"https:\/\/inesweinbergderoca.com\/#\/schema\/person\/e935f5cfe8b9d91e4e11182ac4455393"},"potentialAction":[{"@type":"SearchAction","target":{"@type":"EntryPoint","urlTemplate":"https:\/\/inesweinbergderoca.com\/?s={search_term_string}"},"query-input":{"@type":"PropertyValueSpecification","valueRequired":true,"valueName":"search_term_string"}}],"inLanguage":"es-AR"},{"@type":["Person","Organization"],"@id":"https:\/\/inesweinbergderoca.com\/#\/schema\/person\/e935f5cfe8b9d91e4e11182ac4455393","name":"Susana2021","image":{"@type":"ImageObject","inLanguage":"es-AR","@id":"https:\/\/inesweinbergderoca.com\/wp-content\/uploads\/2021\/06\/cropped-favicon.jpg","url":"https:\/\/inesweinbergderoca.com\/wp-content\/uploads\/2021\/06\/cropped-favicon.jpg","contentUrl":"https:\/\/inesweinbergderoca.com\/wp-content\/uploads\/2021\/06\/cropped-favicon.jpg","width":512,"height":512,"caption":"Susana2021"},"logo":{"@id":"https:\/\/inesweinbergderoca.com\/wp-content\/uploads\/2021\/06\/cropped-favicon.jpg"},"sameAs":["https:\/\/inesweinbergderoca.com"]}]}},"_links":{"self":[{"href":"https:\/\/inesweinbergderoca.com\/index.php\/wp-json\/wp\/v2\/pages\/622","targetHints":{"allow":["GET"]}}],"collection":[{"href":"https:\/\/inesweinbergderoca.com\/index.php\/wp-json\/wp\/v2\/pages"}],"about":[{"href":"https:\/\/inesweinbergderoca.com\/index.php\/wp-json\/wp\/v2\/types\/page"}],"author":[{"embeddable":true,"href":"https:\/\/inesweinbergderoca.com\/index.php\/wp-json\/wp\/v2\/users\/1"}],"replies":[{"embeddable":true,"href":"https:\/\/inesweinbergderoca.com\/index.php\/wp-json\/wp\/v2\/comments?post=622"}],"version-history":[{"count":76,"href":"https:\/\/inesweinbergderoca.com\/index.php\/wp-json\/wp\/v2\/pages\/622\/revisions"}],"predecessor-version":[{"id":2884,"href":"https:\/\/inesweinbergderoca.com\/index.php\/wp-json\/wp\/v2\/pages\/622\/revisions\/2884"}],"up":[{"embeddable":true,"href":"https:\/\/inesweinbergderoca.com\/index.php\/wp-json\/wp\/v2\/pages\/155"}],"wp:attachment":[{"href":"https:\/\/inesweinbergderoca.com\/index.php\/wp-json\/wp\/v2\/media?parent=622"}],"curies":[{"name":"wp","href":"https:\/\/api.w.org\/{rel}","templated":true}]}}