{"id":1415,"date":"2021-06-04T04:07:36","date_gmt":"2021-06-04T04:07:36","guid":{"rendered":"https:\/\/inesweinbergderoca.com\/?page_id=1415"},"modified":"2021-07-25T23:18:58","modified_gmt":"2021-07-25T23:18:58","slug":"perfil-ines-weinberg-de-roca","status":"publish","type":"page","link":"https:\/\/inesweinbergderoca.com\/index.php\/biografia-ines-weinberg-de-roca\/perfil-ines-weinberg-de-roca\/","title":{"rendered":"Perfil"},"content":{"rendered":"\t\t<div data-elementor-type=\"wp-page\" data-elementor-id=\"1415\" class=\"elementor elementor-1415\" data-elementor-post-type=\"page\">\n\t\t\t\t\t\t<section class=\"elementor-section elementor-top-section elementor-element elementor-element-0879201 elementor-section-boxed elementor-section-height-default elementor-section-height-default\" data-id=\"0879201\" data-element_type=\"section\" data-e-type=\"section\">\n\t\t\t\t\t\t<div class=\"elementor-container elementor-column-gap-default\">\n\t\t\t\t\t<div class=\"elementor-column elementor-col-100 elementor-top-column elementor-element elementor-element-7cb22fd\" data-id=\"7cb22fd\" data-element_type=\"column\" data-e-type=\"column\">\n\t\t\t<div class=\"elementor-widget-wrap elementor-element-populated\">\n\t\t\t\t\t\t<div class=\"elementor-element elementor-element-ee24d93 elementor-widget elementor-widget-spacer\" data-id=\"ee24d93\" data-element_type=\"widget\" data-e-type=\"widget\" data-widget_type=\"spacer.default\">\n\t\t\t\t<div class=\"elementor-widget-container\">\n\t\t\t\t\t\t\t<div class=\"elementor-spacer\">\n\t\t\t<div class=\"elementor-spacer-inner\"><\/div>\n\t\t<\/div>\n\t\t\t\t\t\t<\/div>\n\t\t\t\t<\/div>\n\t\t\t\t<div class=\"elementor-element elementor-element-9127ca1 elementor-widget elementor-widget-text-editor\" data-id=\"9127ca1\" data-element_type=\"widget\" data-e-type=\"widget\" data-widget_type=\"text-editor.default\">\n\t\t\t\t<div class=\"elementor-widget-container\">\n\t\t\t\t\t\t\t\t\t<p>Naci\u00f3 en la Ciudad de Buenos Aires. Es la primera generaci\u00f3n argentina de padres alemanes, deportados durante el nazismo. Asisti\u00f3 al Colegio St. Peter\u00b4s. Ingres\u00f3 luego a la Facultad de Derecho de la UBA, donde obtuvo su t\u00edtulo de abogada en julio de 1971. Un a\u00f1o m\u00e1s tarde, en la Universidad Nacional de La Plata, obtuvo el doctorado en Derecho.<br \/><br \/><\/p><p>Desde el colegio secundario supo que quer\u00eda seguir la carrera judicial. Su objetivo de vida la condujo a ocupar cargos en la justicia local e internacional.<br \/><br \/><\/p><p>Sus padres huyeron del Holocausto y de los campos de concentraci\u00f3n. Su padre lleg\u00f3 a la Argentina con un pasaporte alem\u00e1n expedido en car\u00e1cter de deportado. Su madre huy\u00f3 de Berl\u00edn a Praga a los seis a\u00f1os, sin documentaci\u00f3n y sin estudios. Fue la familia la que marc\u00f3 su vida y su vocaci\u00f3n por la justicia y por los derechos humanos. Especialmente la historia de su madre que fue despojada de su nacionalidad.\u00a0<br \/><br \/><\/p><p>Ha desarrollado una vasta carrera judicial a lo largo de m\u00e1s de veinticinco a\u00f1os, tanto a nivel nacional como internacional. Cada postulaci\u00f3n \u2013en 1992, 2000, 2003, 2009, 2013 y en 2018\u2013 fue un reconocimiento a sus saberes y su independencia. Todos sus nombramientos y cargos han sido sobre la base de concursos y elecciones<br \/><br \/><\/p><p>Todas ellas tuvieron lugar durante gestiones de diferentes signos pol\u00edticos. Las postulaciones fueron hechas durante los gobiernos de Carlos Menem, Fernando de la R\u00faa, Eduardo Duhalde, Cristina Fern\u00e1ndez de Kirchner y Mauricio Macri.<br \/><br \/><\/p><p>Actual presidente del Tribunal Superior de Justicia de la Ciudad Aut\u00f3noma de Buenos Aires, la juez In\u00e9s Weinberg siempre ha reconocido la importancia de la UBA como universidad p\u00fablica en su vida pues le posibilit\u00f3 el desarrollo personal y profesional para cumplir su meta de construir una carrera en la justicia.<br \/><br \/><\/p><p>Su f\u00e9rrea vocaci\u00f3n la condujo a tener voz propia en tribunales dominados por hombres, que a\u00fan contin\u00faan siendo mayor\u00eda en el exclusivo territorio de la justicia internacional.<br \/><br \/><\/p><p>Se recibi\u00f3 de abogada a los 21 a\u00f1os y a los 24 ya estaba becada por el Instituto Max Planck, de Hamburgo, Alemania, una instituci\u00f3n de excelencia acad\u00e9mica donde comenz\u00f3 su vinculaci\u00f3n con la defensa de los derechos humanos.<br \/><br \/><\/p><p>Al regresar al pa\u00eds, siendo una joven profesional comenz\u00f3 su andadura profesional como profesora universitaria en la c\u00e1tedra de Derecho Civil, de Guillermo Allende. Pero la dictadura militar la despoj\u00f3 del cargo tiempo despu\u00e9s. Culminado ese per\u00edodo se reinsert\u00f3 en la carrera docente en la Universidad de Buenos Aires, ya en los albores de la democracia. Simult\u00e1neamente trabaj\u00f3 en casos de servicio social internacional, donde encontr\u00f3 una forma de expresi\u00f3n que puso en pr\u00e1ctica cuando en 2003 fue elegida para integrar el Tribunal Penal Internacional para Ruanda (ICTR).<br \/><br \/><\/p><p>Como los pleitos jur\u00eddicos no la entusiasmaron, fue present\u00e1ndose en varios concursos en la justicia civil. Ante la suerte esquiva se fortaleci\u00f3 en la juez In\u00e9s Weinberg su feminismo, convencida de que a las mujeres les cuesta m\u00e1s alcanzar sus metas que a los hombres.<br \/><br \/><\/p><p>A comienzos de los a\u00f1os 90, tras regresar de un seminario al que concurri\u00f3 invitada por la Asociaci\u00f3n Jur\u00eddica Argentino-alemana, fue convocada para ocupar la vacante del Juzgado Civil n\u00famero 11. Por su juzgado pasaron dos causas emblem\u00e1ticas: las sucesiones de Jorge Luis Borges y la de Juan Domingo Per\u00f3n. \u00a0\u00a0<br \/><br \/><\/p><p>En 2003 integraba la C\u00e1mara en lo Contencioso Administrativo porte\u00f1a, cuando fue elegida, a propuesta de la Argentina, por el Consejo de Seguridad de la ONU para integrar el ICTR. En el orden internacional integr\u00f3 adem\u00e1s la C\u00e1mara Internacional de Apelaciones de La Haya entre 2003 y 2005, en simult\u00e1neo con su cargo de juez del Tribunal Penal Internacional para Ruanda. Durante cuatro a\u00f1os vivi\u00f3 en Arusha, Tanzania, y dos en los Pa\u00edses Bajos.<br \/><br \/><\/p><p>Tras ese per\u00edodo, entre 2009 y 2016, fue elegida para integrar el Tribunal de Apelaciones de la ONU donde estuvo siete a\u00f1os, habiendo sido seleccionada entre los 14 mejores candidatos del mundo.<br \/><br \/><\/p><p>Durante los a\u00f1os que vivi\u00f3 en Tanzania, sede del ICTR, se adapt\u00f3 a condiciones muchas veces adversas por la falta de infraestructura, de insumos y de servicios b\u00e1sicos. Su labor en Ruanda fue de alto impacto -tanto en lo personal como en lo profesional- en virtud de que el Tribunal tuvo a su cargo el juzgamiento de acusados del genocidio, que en el peque\u00f1o pa\u00eds africano se cobr\u00f3 la vida de casi un mill\u00f3n de personas de la etnia tutsi, durante abril y junio de 1994.<br \/><br \/><\/p><p>La experiencia africana la transform\u00f3 en muchos sentidos. Dos de las condenas que firm\u00f3 fueron muy resonantes: la del cantante popular Simon Bikindi y la de &#8220;Mr. Z.&#8221;, el empresario Protais Zigiranyirazo, cu\u00f1ado del presidente Juvenal Habyarimana cuyo atentado en 1994 desencaden\u00f3 el genocidio en Ruanda.<br \/><br \/><\/p><p>El mandato de In\u00e9s Weinberg de Roca concluy\u00f3 en diciembre de 2008. Mientras tanto, sus colegas de la C\u00e1mara Contencioso Administrativo en Buenos Aires la alentaron a continuar en la justicia internacional, concedi\u00e9ndole las licencias necesarias para postularse al Tribunal de Apelaci\u00f3n de la ONU. De nuevo en acci\u00f3n fue elegida por 122 votos entre 24 candidatos que llegaron a la recta final para ocupar siete cargos.<br \/><br \/><\/p><p>Su vida en Africa fue registrada en un documental filmado en Kenia, Tanzania, Ruanda, Holanda y Francia. Se titula &#8220;Los 100 d\u00edas que no conmovieron al mundo&#8221; y fue realizado con el respaldo del Instituto Nacional de Cine y Artes Audiovisuales (Incaa).<\/p>\t\t\t\t\t\t\t\t<\/div>\n\t\t\t\t<\/div>\n\t\t\t\t\t<\/div>\n\t\t<\/div>\n\t\t\t\t\t<\/div>\n\t\t<\/section>\n\t\t\t\t<section class=\"elementor-section elementor-top-section elementor-element elementor-element-77c85b7 elementor-section-boxed elementor-section-height-default elementor-section-height-default\" data-id=\"77c85b7\" data-element_type=\"section\" data-e-type=\"section\">\n\t\t\t\t\t\t<div class=\"elementor-container elementor-column-gap-default\">\n\t\t\t\t\t<div class=\"elementor-column elementor-col-100 elementor-top-column elementor-element elementor-element-954a71d\" data-id=\"954a71d\" data-element_type=\"column\" data-e-type=\"column\">\n\t\t\t<div class=\"elementor-widget-wrap elementor-element-populated\">\n\t\t\t\t\t\t<div class=\"elementor-element elementor-element-b5e978a elementor-widget elementor-widget-spacer\" data-id=\"b5e978a\" data-element_type=\"widget\" data-e-type=\"widget\" data-widget_type=\"spacer.default\">\n\t\t\t\t<div class=\"elementor-widget-container\">\n\t\t\t\t\t\t\t<div class=\"elementor-spacer\">\n\t\t\t<div class=\"elementor-spacer-inner\"><\/div>\n\t\t<\/div>\n\t\t\t\t\t\t<\/div>\n\t\t\t\t<\/div>\n\t\t\t\t<div class=\"elementor-element elementor-element-24ab0e0 elementor-widget elementor-widget-heading\" data-id=\"24ab0e0\" data-element_type=\"widget\" data-e-type=\"widget\" data-widget_type=\"heading.default\">\n\t\t\t\t<div class=\"elementor-widget-container\">\n\t\t\t\t\t<h2 class=\"elementor-heading-title elementor-size-default\">Textuales<\/h2>\t\t\t\t<\/div>\n\t\t\t\t<\/div>\n\t\t\t\t<div class=\"elementor-element elementor-element-2b02665 elementor-widget elementor-widget-spacer\" data-id=\"2b02665\" data-element_type=\"widget\" data-e-type=\"widget\" data-widget_type=\"spacer.default\">\n\t\t\t\t<div class=\"elementor-widget-container\">\n\t\t\t\t\t\t\t<div class=\"elementor-spacer\">\n\t\t\t<div class=\"elementor-spacer-inner\"><\/div>\n\t\t<\/div>\n\t\t\t\t\t\t<\/div>\n\t\t\t\t<\/div>\n\t\t\t\t\t<\/div>\n\t\t<\/div>\n\t\t\t\t\t<\/div>\n\t\t<\/section>\n\t\t\t\t<section class=\"elementor-section elementor-top-section elementor-element elementor-element-10319fa elementor-section-boxed elementor-section-height-default elementor-section-height-default\" data-id=\"10319fa\" data-element_type=\"section\" data-e-type=\"section\">\n\t\t\t\t\t\t<div class=\"elementor-container elementor-column-gap-default\">\n\t\t\t\t\t<div class=\"elementor-column elementor-col-100 elementor-top-column elementor-element elementor-element-25a4393\" data-id=\"25a4393\" data-element_type=\"column\" data-e-type=\"column\">\n\t\t\t<div class=\"elementor-widget-wrap elementor-element-populated\">\n\t\t\t\t\t\t<div class=\"elementor-element elementor-element-6bb3cb5 elementor-widget elementor-widget-text-editor\" data-id=\"6bb3cb5\" data-element_type=\"widget\" data-e-type=\"widget\" data-widget_type=\"text-editor.default\">\n\t\t\t\t<div class=\"elementor-widget-container\">\n\t\t\t\t\t\t\t\t\t<p>01<\/p>\t\t\t\t\t\t\t\t<\/div>\n\t\t\t\t<\/div>\n\t\t\t\t<div class=\"elementor-element elementor-element-a19a6f2 elementor-widget elementor-widget-text-editor\" data-id=\"a19a6f2\" data-element_type=\"widget\" data-e-type=\"widget\" data-widget_type=\"text-editor.default\">\n\t\t\t\t<div class=\"elementor-widget-container\">\n\t\t\t\t\t\t\t\t\t<p>La capacidad del ser humano de no ser humano es muy impresionante. \u00bfC\u00f3mo se comprende que una persona hasta un determinado d\u00eda sea normal y al d\u00eda siguiente salga a matar?<\/p>\t\t\t\t\t\t\t\t<\/div>\n\t\t\t\t<\/div>\n\t\t\t\t\t<\/div>\n\t\t<\/div>\n\t\t\t\t\t<\/div>\n\t\t<\/section>\n\t\t\t\t<section class=\"elementor-section elementor-top-section elementor-element elementor-element-db6c9ae elementor-section-boxed elementor-section-height-default elementor-section-height-default\" data-id=\"db6c9ae\" data-element_type=\"section\" data-e-type=\"section\">\n\t\t\t\t\t\t<div class=\"elementor-container elementor-column-gap-default\">\n\t\t\t\t\t<div class=\"elementor-column elementor-col-100 elementor-top-column elementor-element elementor-element-3e10929\" data-id=\"3e10929\" data-element_type=\"column\" data-e-type=\"column\">\n\t\t\t<div class=\"elementor-widget-wrap elementor-element-populated\">\n\t\t\t\t\t\t<div class=\"elementor-element elementor-element-ed2d860 elementor-widget elementor-widget-text-editor\" data-id=\"ed2d860\" data-element_type=\"widget\" data-e-type=\"widget\" data-widget_type=\"text-editor.default\">\n\t\t\t\t<div class=\"elementor-widget-container\">\n\t\t\t\t\t\t\t\t\t<p>02<\/p>\t\t\t\t\t\t\t\t<\/div>\n\t\t\t\t<\/div>\n\t\t\t\t\t<\/div>\n\t\t<\/div>\n\t\t\t\t\t<\/div>\n\t\t<\/section>\n\t\t\t\t<section class=\"elementor-section elementor-top-section elementor-element elementor-element-231f64a elementor-section-boxed elementor-section-height-default elementor-section-height-default\" data-id=\"231f64a\" data-element_type=\"section\" data-e-type=\"section\">\n\t\t\t\t\t\t<div class=\"elementor-container elementor-column-gap-default\">\n\t\t\t\t\t<div class=\"elementor-column elementor-col-100 elementor-top-column elementor-element elementor-element-78df338\" data-id=\"78df338\" data-element_type=\"column\" data-e-type=\"column\">\n\t\t\t<div class=\"elementor-widget-wrap elementor-element-populated\">\n\t\t\t\t\t\t<div class=\"elementor-element elementor-element-e86cbb6 elementor-widget elementor-widget-text-editor\" data-id=\"e86cbb6\" data-element_type=\"widget\" data-e-type=\"widget\" data-widget_type=\"text-editor.default\">\n\t\t\t\t<div class=\"elementor-widget-container\">\n\t\t\t\t\t\t\t\t\t<p>El miedo al otro deshumaniza. En esa deshumanizaci\u00f3n se le atribuye al otro la responsabilidad por todos los males.<\/p>\t\t\t\t\t\t\t\t<\/div>\n\t\t\t\t<\/div>\n\t\t\t\t\t<\/div>\n\t\t<\/div>\n\t\t\t\t\t<\/div>\n\t\t<\/section>\n\t\t\t\t<section class=\"elementor-section elementor-top-section elementor-element elementor-element-35b7d1b elementor-section-boxed elementor-section-height-default elementor-section-height-default\" data-id=\"35b7d1b\" data-element_type=\"section\" data-e-type=\"section\">\n\t\t\t\t\t\t<div class=\"elementor-container elementor-column-gap-default\">\n\t\t\t\t\t<div class=\"elementor-column elementor-col-100 elementor-top-column elementor-element elementor-element-061882a\" data-id=\"061882a\" data-element_type=\"column\" data-e-type=\"column\">\n\t\t\t<div class=\"elementor-widget-wrap elementor-element-populated\">\n\t\t\t\t\t\t<div class=\"elementor-element elementor-element-46d7c4e elementor-widget elementor-widget-text-editor\" data-id=\"46d7c4e\" data-element_type=\"widget\" data-e-type=\"widget\" data-widget_type=\"text-editor.default\">\n\t\t\t\t<div class=\"elementor-widget-container\">\n\t\t\t\t\t\t\t\t\t<p>03<\/p>\t\t\t\t\t\t\t\t<\/div>\n\t\t\t\t<\/div>\n\t\t\t\t\t<\/div>\n\t\t<\/div>\n\t\t\t\t\t<\/div>\n\t\t<\/section>\n\t\t\t\t<section class=\"elementor-section elementor-top-section elementor-element elementor-element-b6984d4 elementor-section-boxed elementor-section-height-default elementor-section-height-default\" data-id=\"b6984d4\" data-element_type=\"section\" data-e-type=\"section\">\n\t\t\t\t\t\t<div class=\"elementor-container elementor-column-gap-default\">\n\t\t\t\t\t<div class=\"elementor-column elementor-col-100 elementor-top-column elementor-element elementor-element-f0e9a42\" data-id=\"f0e9a42\" data-element_type=\"column\" data-e-type=\"column\">\n\t\t\t<div class=\"elementor-widget-wrap elementor-element-populated\">\n\t\t\t\t\t\t<div class=\"elementor-element elementor-element-4eafbc1 elementor-widget elementor-widget-text-editor\" data-id=\"4eafbc1\" data-element_type=\"widget\" data-e-type=\"widget\" data-widget_type=\"text-editor.default\">\n\t\t\t\t<div class=\"elementor-widget-container\">\n\t\t\t\t\t\t\t\t\t<p>La violencia es producto de una acci\u00f3n paulatina a la que no le prestamos la debida atenci\u00f3n. Nadie se levanta un d\u00eda y mata al vecino sin antes deshumanizarlo.<\/p>\t\t\t\t\t\t\t\t<\/div>\n\t\t\t\t<\/div>\n\t\t\t\t\t<\/div>\n\t\t<\/div>\n\t\t\t\t\t<\/div>\n\t\t<\/section>\n\t\t\t\t<section class=\"elementor-section elementor-top-section elementor-element elementor-element-0105537 elementor-section-boxed elementor-section-height-default elementor-section-height-default\" data-id=\"0105537\" data-element_type=\"section\" data-e-type=\"section\">\n\t\t\t\t\t\t<div class=\"elementor-container elementor-column-gap-default\">\n\t\t\t\t\t<div class=\"elementor-column elementor-col-100 elementor-top-column elementor-element elementor-element-e43ff08\" data-id=\"e43ff08\" data-element_type=\"column\" data-e-type=\"column\">\n\t\t\t<div class=\"elementor-widget-wrap elementor-element-populated\">\n\t\t\t\t\t\t<div class=\"elementor-element elementor-element-7fa6ab3 elementor-widget elementor-widget-text-editor\" data-id=\"7fa6ab3\" data-element_type=\"widget\" data-e-type=\"widget\" data-widget_type=\"text-editor.default\">\n\t\t\t\t<div class=\"elementor-widget-container\">\n\t\t\t\t\t\t\t\t\t<p>04<\/p>\t\t\t\t\t\t\t\t<\/div>\n\t\t\t\t<\/div>\n\t\t\t\t\t<\/div>\n\t\t<\/div>\n\t\t\t\t\t<\/div>\n\t\t<\/section>\n\t\t\t\t<section class=\"elementor-section elementor-top-section elementor-element elementor-element-a07efa8 elementor-section-boxed elementor-section-height-default elementor-section-height-default\" data-id=\"a07efa8\" data-element_type=\"section\" data-e-type=\"section\">\n\t\t\t\t\t\t<div class=\"elementor-container elementor-column-gap-default\">\n\t\t\t\t\t<div class=\"elementor-column elementor-col-100 elementor-top-column elementor-element elementor-element-33f7a61\" data-id=\"33f7a61\" data-element_type=\"column\" data-e-type=\"column\">\n\t\t\t<div class=\"elementor-widget-wrap elementor-element-populated\">\n\t\t\t\t\t\t<div class=\"elementor-element elementor-element-21b7576 elementor-widget elementor-widget-text-editor\" data-id=\"21b7576\" data-element_type=\"widget\" data-e-type=\"widget\" data-widget_type=\"text-editor.default\">\n\t\t\t\t<div class=\"elementor-widget-container\">\n\t\t\t\t\t\t\t\t\t<p>Me impresiona que en general a nadie le importa el bien com\u00fan. Es un estilo muy argentino. Cada uno est\u00e1 bien en tanto no le toquen su quinta.<\/p>\t\t\t\t\t\t\t\t<\/div>\n\t\t\t\t<\/div>\n\t\t\t\t\t<\/div>\n\t\t<\/div>\n\t\t\t\t\t<\/div>\n\t\t<\/section>\n\t\t\t\t<section class=\"elementor-section elementor-top-section elementor-element elementor-element-3e32ba5 elementor-section-boxed elementor-section-height-default elementor-section-height-default\" data-id=\"3e32ba5\" data-element_type=\"section\" data-e-type=\"section\">\n\t\t\t\t\t\t<div class=\"elementor-container elementor-column-gap-default\">\n\t\t\t\t\t<div class=\"elementor-column elementor-col-100 elementor-top-column elementor-element elementor-element-95729fb\" data-id=\"95729fb\" data-element_type=\"column\" data-e-type=\"column\">\n\t\t\t<div class=\"elementor-widget-wrap elementor-element-populated\">\n\t\t\t\t\t\t<div class=\"elementor-element elementor-element-9921e66 elementor-widget elementor-widget-text-editor\" data-id=\"9921e66\" data-element_type=\"widget\" data-e-type=\"widget\" data-widget_type=\"text-editor.default\">\n\t\t\t\t<div class=\"elementor-widget-container\">\n\t\t\t\t\t\t\t\t\t<p>05<\/p>\t\t\t\t\t\t\t\t<\/div>\n\t\t\t\t<\/div>\n\t\t\t\t\t<\/div>\n\t\t<\/div>\n\t\t\t\t\t<\/div>\n\t\t<\/section>\n\t\t\t\t<section class=\"elementor-section elementor-top-section elementor-element elementor-element-20ed3e6 elementor-section-boxed elementor-section-height-default elementor-section-height-default\" data-id=\"20ed3e6\" data-element_type=\"section\" data-e-type=\"section\">\n\t\t\t\t\t\t<div class=\"elementor-container elementor-column-gap-default\">\n\t\t\t\t\t<div class=\"elementor-column elementor-col-100 elementor-top-column elementor-element elementor-element-9fcef46\" data-id=\"9fcef46\" data-element_type=\"column\" data-e-type=\"column\">\n\t\t\t<div class=\"elementor-widget-wrap elementor-element-populated\">\n\t\t\t\t\t\t<div class=\"elementor-element elementor-element-3e20eb0 elementor-widget elementor-widget-text-editor\" data-id=\"3e20eb0\" data-element_type=\"widget\" data-e-type=\"widget\" data-widget_type=\"text-editor.default\">\n\t\t\t\t<div class=\"elementor-widget-container\">\n\t\t\t\t\t\t\t\t\t<p>En Africa hay matanzas todo el tiempo pero no puede atribuirse el genocidio a una predisposici\u00f3n cultural.<\/p>\t\t\t\t\t\t\t\t<\/div>\n\t\t\t\t<\/div>\n\t\t\t\t\t<\/div>\n\t\t<\/div>\n\t\t\t\t\t<\/div>\n\t\t<\/section>\n\t\t\t\t<section class=\"elementor-section elementor-top-section elementor-element elementor-element-3ea4b34 elementor-section-boxed elementor-section-height-default elementor-section-height-default\" data-id=\"3ea4b34\" data-element_type=\"section\" data-e-type=\"section\">\n\t\t\t\t\t\t<div class=\"elementor-container elementor-column-gap-default\">\n\t\t\t\t\t<div class=\"elementor-column elementor-col-100 elementor-top-column elementor-element elementor-element-74502dd\" data-id=\"74502dd\" data-element_type=\"column\" data-e-type=\"column\">\n\t\t\t<div class=\"elementor-widget-wrap elementor-element-populated\">\n\t\t\t\t\t\t<div class=\"elementor-element elementor-element-4530c41 elementor-widget elementor-widget-text-editor\" data-id=\"4530c41\" data-element_type=\"widget\" data-e-type=\"widget\" data-widget_type=\"text-editor.default\">\n\t\t\t\t<div class=\"elementor-widget-container\">\n\t\t\t\t\t\t\t\t\t<p>06<\/p>\t\t\t\t\t\t\t\t<\/div>\n\t\t\t\t<\/div>\n\t\t\t\t\t<\/div>\n\t\t<\/div>\n\t\t\t\t\t<\/div>\n\t\t<\/section>\n\t\t\t\t<section class=\"elementor-section elementor-top-section elementor-element elementor-element-dfaac24 elementor-section-boxed elementor-section-height-default elementor-section-height-default\" data-id=\"dfaac24\" data-element_type=\"section\" data-e-type=\"section\">\n\t\t\t\t\t\t<div class=\"elementor-container elementor-column-gap-default\">\n\t\t\t\t\t<div class=\"elementor-column elementor-col-100 elementor-top-column elementor-element elementor-element-b39cbba\" data-id=\"b39cbba\" data-element_type=\"column\" data-e-type=\"column\">\n\t\t\t<div class=\"elementor-widget-wrap elementor-element-populated\">\n\t\t\t\t\t\t<div class=\"elementor-element elementor-element-1d919ce elementor-widget elementor-widget-text-editor\" data-id=\"1d919ce\" data-element_type=\"widget\" data-e-type=\"widget\" data-widget_type=\"text-editor.default\">\n\t\t\t\t<div class=\"elementor-widget-container\">\n\t\t\t\t\t\t\t\t\t<p>Para que la crueldad prospere se prepara el terreno durante largo tiempo. Para evitarla hay que educar en conceptos como comunidad y convivencia.<\/p>\t\t\t\t\t\t\t\t<\/div>\n\t\t\t\t<\/div>\n\t\t\t\t\t<\/div>\n\t\t<\/div>\n\t\t\t\t\t<\/div>\n\t\t<\/section>\n\t\t\t\t<section class=\"elementor-section elementor-top-section elementor-element elementor-element-53e3288 elementor-section-boxed elementor-section-height-default elementor-section-height-default\" data-id=\"53e3288\" data-element_type=\"section\" data-e-type=\"section\">\n\t\t\t\t\t\t<div class=\"elementor-container elementor-column-gap-default\">\n\t\t\t\t\t<div class=\"elementor-column elementor-col-100 elementor-top-column elementor-element elementor-element-6c425c6\" data-id=\"6c425c6\" data-element_type=\"column\" data-e-type=\"column\">\n\t\t\t<div class=\"elementor-widget-wrap elementor-element-populated\">\n\t\t\t\t\t\t<div class=\"elementor-element elementor-element-bc154d0 elementor-widget elementor-widget-text-editor\" data-id=\"bc154d0\" data-element_type=\"widget\" data-e-type=\"widget\" data-widget_type=\"text-editor.default\">\n\t\t\t\t<div class=\"elementor-widget-container\">\n\t\t\t\t\t\t\t\t\t<p>07<\/p>\t\t\t\t\t\t\t\t<\/div>\n\t\t\t\t<\/div>\n\t\t\t\t\t<\/div>\n\t\t<\/div>\n\t\t\t\t\t<\/div>\n\t\t<\/section>\n\t\t\t\t<section class=\"elementor-section elementor-top-section elementor-element elementor-element-35cdc73 elementor-section-boxed elementor-section-height-default elementor-section-height-default\" data-id=\"35cdc73\" data-element_type=\"section\" data-e-type=\"section\">\n\t\t\t\t\t\t<div class=\"elementor-container elementor-column-gap-default\">\n\t\t\t\t\t<div class=\"elementor-column elementor-col-100 elementor-top-column elementor-element elementor-element-1c84127\" data-id=\"1c84127\" data-element_type=\"column\" data-e-type=\"column\">\n\t\t\t<div class=\"elementor-widget-wrap elementor-element-populated\">\n\t\t\t\t\t\t<div class=\"elementor-element elementor-element-6dc3608 elementor-widget elementor-widget-text-editor\" data-id=\"6dc3608\" data-element_type=\"widget\" data-e-type=\"widget\" data-widget_type=\"text-editor.default\">\n\t\t\t\t<div class=\"elementor-widget-container\">\n\t\t\t\t\t\t\t\t\t<p>Los juicios de Nuremberg sentaron las bases de la justicia penal internacional y mostraron que, en circunstancias impostergables, los consensos son esenciales.<\/p>\t\t\t\t\t\t\t\t<\/div>\n\t\t\t\t<\/div>\n\t\t\t\t\t<\/div>\n\t\t<\/div>\n\t\t\t\t\t<\/div>\n\t\t<\/section>\n\t\t\t\t<section class=\"elementor-section elementor-top-section elementor-element elementor-element-62748b3 elementor-section-boxed elementor-section-height-default elementor-section-height-default\" data-id=\"62748b3\" data-element_type=\"section\" data-e-type=\"section\">\n\t\t\t\t\t\t<div class=\"elementor-container elementor-column-gap-default\">\n\t\t\t\t\t<div class=\"elementor-column elementor-col-100 elementor-top-column elementor-element elementor-element-5057514\" data-id=\"5057514\" data-element_type=\"column\" data-e-type=\"column\">\n\t\t\t<div class=\"elementor-widget-wrap elementor-element-populated\">\n\t\t\t\t\t\t<div class=\"elementor-element elementor-element-557dc0c elementor-widget elementor-widget-text-editor\" data-id=\"557dc0c\" data-element_type=\"widget\" data-e-type=\"widget\" data-widget_type=\"text-editor.default\">\n\t\t\t\t<div class=\"elementor-widget-container\">\n\t\t\t\t\t\t\t\t\t<p>08<\/p>\t\t\t\t\t\t\t\t<\/div>\n\t\t\t\t<\/div>\n\t\t\t\t\t<\/div>\n\t\t<\/div>\n\t\t\t\t\t<\/div>\n\t\t<\/section>\n\t\t\t\t<section class=\"elementor-section elementor-top-section elementor-element elementor-element-f304b3c elementor-section-boxed elementor-section-height-default elementor-section-height-default\" data-id=\"f304b3c\" data-element_type=\"section\" data-e-type=\"section\">\n\t\t\t\t\t\t<div class=\"elementor-container elementor-column-gap-default\">\n\t\t\t\t\t<div class=\"elementor-column elementor-col-100 elementor-top-column elementor-element elementor-element-a0bdb42\" data-id=\"a0bdb42\" data-element_type=\"column\" data-e-type=\"column\">\n\t\t\t<div class=\"elementor-widget-wrap elementor-element-populated\">\n\t\t\t\t\t\t<div class=\"elementor-element elementor-element-010878a elementor-widget elementor-widget-text-editor\" data-id=\"010878a\" data-element_type=\"widget\" data-e-type=\"widget\" data-widget_type=\"text-editor.default\">\n\t\t\t\t<div class=\"elementor-widget-container\">\n\t\t\t\t\t\t\t\t\t<p>Nuremberg concientiz\u00f3 a la sociedad mundial que las atrocidades no pueden ni deben quedar impunes.<\/p>\t\t\t\t\t\t\t\t<\/div>\n\t\t\t\t<\/div>\n\t\t\t\t\t<\/div>\n\t\t<\/div>\n\t\t\t\t\t<\/div>\n\t\t<\/section>\n\t\t\t\t<section class=\"elementor-section elementor-top-section elementor-element elementor-element-4cc3eed elementor-section-boxed elementor-section-height-default elementor-section-height-default\" data-id=\"4cc3eed\" data-element_type=\"section\" data-e-type=\"section\">\n\t\t\t\t\t\t<div class=\"elementor-container elementor-column-gap-default\">\n\t\t\t\t\t<div class=\"elementor-column elementor-col-100 elementor-top-column elementor-element elementor-element-09c200c\" data-id=\"09c200c\" data-element_type=\"column\" data-e-type=\"column\">\n\t\t\t<div class=\"elementor-widget-wrap elementor-element-populated\">\n\t\t\t\t\t\t<div class=\"elementor-element elementor-element-2e1e36d elementor-widget elementor-widget-text-editor\" data-id=\"2e1e36d\" data-element_type=\"widget\" data-e-type=\"widget\" data-widget_type=\"text-editor.default\">\n\t\t\t\t<div class=\"elementor-widget-container\">\n\t\t\t\t\t\t\t\t\t<p>09<\/p>\t\t\t\t\t\t\t\t<\/div>\n\t\t\t\t<\/div>\n\t\t\t\t\t<\/div>\n\t\t<\/div>\n\t\t\t\t\t<\/div>\n\t\t<\/section>\n\t\t\t\t<section class=\"elementor-section elementor-top-section elementor-element elementor-element-b4fdad1 elementor-section-boxed elementor-section-height-default elementor-section-height-default\" data-id=\"b4fdad1\" data-element_type=\"section\" data-e-type=\"section\">\n\t\t\t\t\t\t<div class=\"elementor-container elementor-column-gap-default\">\n\t\t\t\t\t<div class=\"elementor-column elementor-col-100 elementor-top-column elementor-element elementor-element-6f51e59\" data-id=\"6f51e59\" data-element_type=\"column\" data-e-type=\"column\">\n\t\t\t<div class=\"elementor-widget-wrap elementor-element-populated\">\n\t\t\t\t\t\t<div class=\"elementor-element elementor-element-c352943 elementor-widget elementor-widget-text-editor\" data-id=\"c352943\" data-element_type=\"widget\" data-e-type=\"widget\" data-widget_type=\"text-editor.default\">\n\t\t\t\t<div class=\"elementor-widget-container\">\n\t\t\t\t\t\t\t\t\t<p>La justicia es un bien, un servicio y un derecho esencial para la ciudadan\u00eda.<\/p>\t\t\t\t\t\t\t\t<\/div>\n\t\t\t\t<\/div>\n\t\t\t\t\t<\/div>\n\t\t<\/div>\n\t\t\t\t\t<\/div>\n\t\t<\/section>\n\t\t\t\t<section class=\"elementor-section elementor-top-section elementor-element elementor-element-b6dca2d elementor-section-boxed elementor-section-height-default elementor-section-height-default\" data-id=\"b6dca2d\" data-element_type=\"section\" data-e-type=\"section\">\n\t\t\t\t\t\t<div class=\"elementor-container elementor-column-gap-default\">\n\t\t\t\t\t<div class=\"elementor-column elementor-col-100 elementor-top-column elementor-element elementor-element-e4e156b\" data-id=\"e4e156b\" data-element_type=\"column\" data-e-type=\"column\">\n\t\t\t<div class=\"elementor-widget-wrap elementor-element-populated\">\n\t\t\t\t\t\t<div class=\"elementor-element elementor-element-3e3372d elementor-widget elementor-widget-spacer\" data-id=\"3e3372d\" data-element_type=\"widget\" data-e-type=\"widget\" data-widget_type=\"spacer.default\">\n\t\t\t\t<div class=\"elementor-widget-container\">\n\t\t\t\t\t\t\t<div class=\"elementor-spacer\">\n\t\t\t<div class=\"elementor-spacer-inner\"><\/div>\n\t\t<\/div>\n\t\t\t\t\t\t<\/div>\n\t\t\t\t<\/div>\n\t\t\t\t\t<\/div>\n\t\t<\/div>\n\t\t\t\t\t<\/div>\n\t\t<\/section>\n\t\t\t\t<\/div>\n\t\t","protected":false},"excerpt":{"rendered":"<p>Naci\u00f3 en la Ciudad de Buenos Aires. Es la primera generaci\u00f3n argentina de padres alemanes, deportados durante el nazismo. Asisti\u00f3 al Colegio St. Peter\u00b4s. Ingres\u00f3 luego a la Facultad de Derecho de la UBA, donde obtuvo su t\u00edtulo de abogada en julio de 1971. Un a\u00f1o m\u00e1s tarde, en la Universidad Nacional de La Plata, <a class=\"more-link\" href=\"https:\/\/inesweinbergderoca.com\/index.php\/biografia-ines-weinberg-de-roca\/perfil-ines-weinberg-de-roca\/\">Continue reading <i class=\"fa fa-chevron-right\"><\/i><\/a><\/p>\n","protected":false},"author":1,"featured_media":0,"parent":135,"menu_order":0,"comment_status":"closed","ping_status":"closed","template":"elementor_header_footer","meta":{"_monsterinsights_skip_tracking":false,"_monsterinsights_sitenote_active":false,"_monsterinsights_sitenote_note":"","_monsterinsights_sitenote_category":0,"footnotes":""},"class_list":["post-1415","page","type-page","status-publish","hentry"],"yoast_head":"<!-- This site is optimized with the Yoast SEO plugin v27.5 - https:\/\/yoast.com\/product\/yoast-seo-wordpress\/ -->\n<title>Perfil &#062; In\u00e9s Weinberg de Roca<\/title>\n<meta name=\"robots\" content=\"index, follow, max-snippet:-1, max-image-preview:large, max-video-preview:-1\" \/>\n<link rel=\"canonical\" href=\"https:\/\/inesweinbergderoca.com\/index.php\/biografia-ines-weinberg-de-roca\/perfil-ines-weinberg-de-roca\/\" \/>\n<meta property=\"og:locale\" content=\"es_ES\" \/>\n<meta property=\"og:type\" content=\"article\" \/>\n<meta property=\"og:title\" content=\"Perfil &#062; In\u00e9s Weinberg de Roca\" \/>\n<meta property=\"og:description\" content=\"Naci\u00f3 en la Ciudad de Buenos Aires. Es la primera generaci\u00f3n argentina de padres alemanes, deportados durante el nazismo. Asisti\u00f3 al Colegio St. Peter\u00b4s. Ingres\u00f3 luego a la Facultad de Derecho de la UBA, donde obtuvo su t\u00edtulo de abogada en julio de 1971. Un a\u00f1o m\u00e1s tarde, en la Universidad Nacional de La Plata, Continue reading\" \/>\n<meta property=\"og:url\" content=\"https:\/\/inesweinbergderoca.com\/index.php\/biografia-ines-weinberg-de-roca\/perfil-ines-weinberg-de-roca\/\" \/>\n<meta property=\"og:site_name\" content=\"In\u00e9s Weinberg de Roca\" \/>\n<meta property=\"article:modified_time\" content=\"2021-07-25T23:18:58+00:00\" \/>\n<meta name=\"twitter:card\" content=\"summary_large_image\" \/>\n<meta name=\"twitter:label1\" content=\"Tiempo de lectura\" \/>\n\t<meta name=\"twitter:data1\" content=\"5 minutos\" \/>\n<script type=\"application\/ld+json\" class=\"yoast-schema-graph\">{\"@context\":\"https:\\\/\\\/schema.org\",\"@graph\":[{\"@type\":\"WebPage\",\"@id\":\"https:\\\/\\\/inesweinbergderoca.com\\\/index.php\\\/biografia-ines-weinberg-de-roca\\\/perfil-ines-weinberg-de-roca\\\/\",\"url\":\"https:\\\/\\\/inesweinbergderoca.com\\\/index.php\\\/biografia-ines-weinberg-de-roca\\\/perfil-ines-weinberg-de-roca\\\/\",\"name\":\"Perfil &#062; In\u00e9s Weinberg de Roca\",\"isPartOf\":{\"@id\":\"https:\\\/\\\/inesweinbergderoca.com\\\/#website\"},\"datePublished\":\"2021-06-04T04:07:36+00:00\",\"dateModified\":\"2021-07-25T23:18:58+00:00\",\"breadcrumb\":{\"@id\":\"https:\\\/\\\/inesweinbergderoca.com\\\/index.php\\\/biografia-ines-weinberg-de-roca\\\/perfil-ines-weinberg-de-roca\\\/#breadcrumb\"},\"inLanguage\":\"es-AR\",\"potentialAction\":[{\"@type\":\"ReadAction\",\"target\":[\"https:\\\/\\\/inesweinbergderoca.com\\\/index.php\\\/biografia-ines-weinberg-de-roca\\\/perfil-ines-weinberg-de-roca\\\/\"]}]},{\"@type\":\"BreadcrumbList\",\"@id\":\"https:\\\/\\\/inesweinbergderoca.com\\\/index.php\\\/biografia-ines-weinberg-de-roca\\\/perfil-ines-weinberg-de-roca\\\/#breadcrumb\",\"itemListElement\":[{\"@type\":\"ListItem\",\"position\":1,\"name\":\"Inicio\",\"item\":\"https:\\\/\\\/inesweinbergderoca.com\\\/\"},{\"@type\":\"ListItem\",\"position\":2,\"name\":\"Biograf\u00eda\",\"item\":\"https:\\\/\\\/inesweinbergderoca.com\\\/index.php\\\/biografia-ines-weinberg-de-roca\\\/\"},{\"@type\":\"ListItem\",\"position\":3,\"name\":\"Perfil\"}]},{\"@type\":\"WebSite\",\"@id\":\"https:\\\/\\\/inesweinbergderoca.com\\\/#website\",\"url\":\"https:\\\/\\\/inesweinbergderoca.com\\\/\",\"name\":\"Ines Weinberg de Roca Sitio Oficial\",\"description\":\"\",\"publisher\":{\"@id\":\"https:\\\/\\\/inesweinbergderoca.com\\\/#\\\/schema\\\/person\\\/e935f5cfe8b9d91e4e11182ac4455393\"},\"potentialAction\":[{\"@type\":\"SearchAction\",\"target\":{\"@type\":\"EntryPoint\",\"urlTemplate\":\"https:\\\/\\\/inesweinbergderoca.com\\\/?s={search_term_string}\"},\"query-input\":{\"@type\":\"PropertyValueSpecification\",\"valueRequired\":true,\"valueName\":\"search_term_string\"}}],\"inLanguage\":\"es-AR\"},{\"@type\":[\"Person\",\"Organization\"],\"@id\":\"https:\\\/\\\/inesweinbergderoca.com\\\/#\\\/schema\\\/person\\\/e935f5cfe8b9d91e4e11182ac4455393\",\"name\":\"Susana2021\",\"image\":{\"@type\":\"ImageObject\",\"inLanguage\":\"es-AR\",\"@id\":\"https:\\\/\\\/inesweinbergderoca.com\\\/wp-content\\\/uploads\\\/2021\\\/06\\\/cropped-favicon.jpg\",\"url\":\"https:\\\/\\\/inesweinbergderoca.com\\\/wp-content\\\/uploads\\\/2021\\\/06\\\/cropped-favicon.jpg\",\"contentUrl\":\"https:\\\/\\\/inesweinbergderoca.com\\\/wp-content\\\/uploads\\\/2021\\\/06\\\/cropped-favicon.jpg\",\"width\":512,\"height\":512,\"caption\":\"Susana2021\"},\"logo\":{\"@id\":\"https:\\\/\\\/inesweinbergderoca.com\\\/wp-content\\\/uploads\\\/2021\\\/06\\\/cropped-favicon.jpg\"},\"sameAs\":[\"https:\\\/\\\/inesweinbergderoca.com\"]}]}<\/script>\n<!-- \/ Yoast SEO plugin. -->","yoast_head_json":{"title":"Perfil &#062; In\u00e9s Weinberg de Roca","robots":{"index":"index","follow":"follow","max-snippet":"max-snippet:-1","max-image-preview":"max-image-preview:large","max-video-preview":"max-video-preview:-1"},"canonical":"https:\/\/inesweinbergderoca.com\/index.php\/biografia-ines-weinberg-de-roca\/perfil-ines-weinberg-de-roca\/","og_locale":"es_ES","og_type":"article","og_title":"Perfil &#062; In\u00e9s Weinberg de Roca","og_description":"Naci\u00f3 en la Ciudad de Buenos Aires. Es la primera generaci\u00f3n argentina de padres alemanes, deportados durante el nazismo. Asisti\u00f3 al Colegio St. Peter\u00b4s. Ingres\u00f3 luego a la Facultad de Derecho de la UBA, donde obtuvo su t\u00edtulo de abogada en julio de 1971. Un a\u00f1o m\u00e1s tarde, en la Universidad Nacional de La Plata, Continue reading","og_url":"https:\/\/inesweinbergderoca.com\/index.php\/biografia-ines-weinberg-de-roca\/perfil-ines-weinberg-de-roca\/","og_site_name":"In\u00e9s Weinberg de Roca","article_modified_time":"2021-07-25T23:18:58+00:00","twitter_card":"summary_large_image","twitter_misc":{"Tiempo de lectura":"5 minutos"},"schema":{"@context":"https:\/\/schema.org","@graph":[{"@type":"WebPage","@id":"https:\/\/inesweinbergderoca.com\/index.php\/biografia-ines-weinberg-de-roca\/perfil-ines-weinberg-de-roca\/","url":"https:\/\/inesweinbergderoca.com\/index.php\/biografia-ines-weinberg-de-roca\/perfil-ines-weinberg-de-roca\/","name":"Perfil &#062; In\u00e9s Weinberg de Roca","isPartOf":{"@id":"https:\/\/inesweinbergderoca.com\/#website"},"datePublished":"2021-06-04T04:07:36+00:00","dateModified":"2021-07-25T23:18:58+00:00","breadcrumb":{"@id":"https:\/\/inesweinbergderoca.com\/index.php\/biografia-ines-weinberg-de-roca\/perfil-ines-weinberg-de-roca\/#breadcrumb"},"inLanguage":"es-AR","potentialAction":[{"@type":"ReadAction","target":["https:\/\/inesweinbergderoca.com\/index.php\/biografia-ines-weinberg-de-roca\/perfil-ines-weinberg-de-roca\/"]}]},{"@type":"BreadcrumbList","@id":"https:\/\/inesweinbergderoca.com\/index.php\/biografia-ines-weinberg-de-roca\/perfil-ines-weinberg-de-roca\/#breadcrumb","itemListElement":[{"@type":"ListItem","position":1,"name":"Inicio","item":"https:\/\/inesweinbergderoca.com\/"},{"@type":"ListItem","position":2,"name":"Biograf\u00eda","item":"https:\/\/inesweinbergderoca.com\/index.php\/biografia-ines-weinberg-de-roca\/"},{"@type":"ListItem","position":3,"name":"Perfil"}]},{"@type":"WebSite","@id":"https:\/\/inesweinbergderoca.com\/#website","url":"https:\/\/inesweinbergderoca.com\/","name":"Ines Weinberg de Roca Sitio Oficial","description":"","publisher":{"@id":"https:\/\/inesweinbergderoca.com\/#\/schema\/person\/e935f5cfe8b9d91e4e11182ac4455393"},"potentialAction":[{"@type":"SearchAction","target":{"@type":"EntryPoint","urlTemplate":"https:\/\/inesweinbergderoca.com\/?s={search_term_string}"},"query-input":{"@type":"PropertyValueSpecification","valueRequired":true,"valueName":"search_term_string"}}],"inLanguage":"es-AR"},{"@type":["Person","Organization"],"@id":"https:\/\/inesweinbergderoca.com\/#\/schema\/person\/e935f5cfe8b9d91e4e11182ac4455393","name":"Susana2021","image":{"@type":"ImageObject","inLanguage":"es-AR","@id":"https:\/\/inesweinbergderoca.com\/wp-content\/uploads\/2021\/06\/cropped-favicon.jpg","url":"https:\/\/inesweinbergderoca.com\/wp-content\/uploads\/2021\/06\/cropped-favicon.jpg","contentUrl":"https:\/\/inesweinbergderoca.com\/wp-content\/uploads\/2021\/06\/cropped-favicon.jpg","width":512,"height":512,"caption":"Susana2021"},"logo":{"@id":"https:\/\/inesweinbergderoca.com\/wp-content\/uploads\/2021\/06\/cropped-favicon.jpg"},"sameAs":["https:\/\/inesweinbergderoca.com"]}]}},"_links":{"self":[{"href":"https:\/\/inesweinbergderoca.com\/index.php\/wp-json\/wp\/v2\/pages\/1415","targetHints":{"allow":["GET"]}}],"collection":[{"href":"https:\/\/inesweinbergderoca.com\/index.php\/wp-json\/wp\/v2\/pages"}],"about":[{"href":"https:\/\/inesweinbergderoca.com\/index.php\/wp-json\/wp\/v2\/types\/page"}],"author":[{"embeddable":true,"href":"https:\/\/inesweinbergderoca.com\/index.php\/wp-json\/wp\/v2\/users\/1"}],"replies":[{"embeddable":true,"href":"https:\/\/inesweinbergderoca.com\/index.php\/wp-json\/wp\/v2\/comments?post=1415"}],"version-history":[{"count":17,"href":"https:\/\/inesweinbergderoca.com\/index.php\/wp-json\/wp\/v2\/pages\/1415\/revisions"}],"predecessor-version":[{"id":2008,"href":"https:\/\/inesweinbergderoca.com\/index.php\/wp-json\/wp\/v2\/pages\/1415\/revisions\/2008"}],"up":[{"embeddable":true,"href":"https:\/\/inesweinbergderoca.com\/index.php\/wp-json\/wp\/v2\/pages\/135"}],"wp:attachment":[{"href":"https:\/\/inesweinbergderoca.com\/index.php\/wp-json\/wp\/v2\/media?parent=1415"}],"curies":[{"name":"wp","href":"https:\/\/api.w.org\/{rel}","templated":true}]}}