{"version":"1.0","provider_name":"In\u00e9s Weinberg de Roca","provider_url":"https:\/\/inesweinbergderoca.com","title":"Memoriales para una convivencia en paz &#062; In\u00e9s Weinberg de Roca","type":"rich","width":600,"height":338,"html":"<blockquote class=\"wp-embedded-content\" data-secret=\"d3Ys3830wk\"><a href=\"https:\/\/inesweinbergderoca.com\/index.php\/2021\/05\/06\/memoriales-para-una-convivencia-en-paz\/\">Memoriales para una convivencia en paz<\/a><\/blockquote><iframe sandbox=\"allow-scripts\" security=\"restricted\" src=\"https:\/\/inesweinbergderoca.com\/index.php\/2021\/05\/06\/memoriales-para-una-convivencia-en-paz\/embed\/#?secret=d3Ys3830wk\" width=\"600\" height=\"338\" title=\"&#8220;Memoriales para una convivencia en paz&#8221; &#8212; In\u00e9s Weinberg de Roca\" data-secret=\"d3Ys3830wk\" frameborder=\"0\" marginwidth=\"0\" marginheight=\"0\" scrolling=\"no\" class=\"wp-embedded-content\"><\/iframe><script type=\"text\/javascript\">\n\/* <![CDATA[ *\/\n\/*! This file is auto-generated *\/\n!function(d,l){\"use strict\";l.querySelector&&d.addEventListener&&\"undefined\"!=typeof URL&&(d.wp=d.wp||{},d.wp.receiveEmbedMessage||(d.wp.receiveEmbedMessage=function(e){var t=e.data;if((t||t.secret||t.message||t.value)&&!\/[^a-zA-Z0-9]\/.test(t.secret)){for(var s,r,n,a=l.querySelectorAll('iframe[data-secret=\"'+t.secret+'\"]'),o=l.querySelectorAll('blockquote[data-secret=\"'+t.secret+'\"]'),c=new RegExp(\"^https?:$\",\"i\"),i=0;i<o.length;i++)o[i].style.display=\"none\";for(i=0;i<a.length;i++)s=a[i],e.source===s.contentWindow&&(s.removeAttribute(\"style\"),\"height\"===t.message?(1e3<(r=parseInt(t.value,10))?r=1e3:~~r<200&&(r=200),s.height=r):\"link\"===t.message&&(r=new URL(s.getAttribute(\"src\")),n=new URL(t.value),c.test(n.protocol))&&n.host===r.host&&l.activeElement===s&&(d.top.location.href=t.value))}},d.addEventListener(\"message\",d.wp.receiveEmbedMessage,!1),l.addEventListener(\"DOMContentLoaded\",function(){for(var e,t,s=l.querySelectorAll(\"iframe.wp-embedded-content\"),r=0;r<s.length;r++)(t=(e=s[r]).getAttribute(\"data-secret\"))||(t=Math.random().toString(36).substring(2,12),e.src+=\"#?secret=\"+t,e.setAttribute(\"data-secret\",t)),e.contentWindow.postMessage({message:\"ready\",secret:t},\"*\")},!1)))}(window,document);\n\/\/# sourceURL=https:\/\/inesweinbergderoca.com\/wp-includes\/js\/wp-embed.min.js\n\/* ]]> *\/\n<\/script>\n","description":"Con ocasi\u00f3n de la inauguraci\u00f3n del Paseo de los Justos y del Monumento a la Memoria de las V\u00edctimas del Holocausto, en la porte\u00f1a Plaza de la Sho\u00e1, el ministro de Cultura de la Naci\u00f3n, Pablo Avelluto, enfatiz\u00f3 que las marcas de la gran tragedia cometida por el nazismo est\u00e1n en nuestra cultura y no Continue reading"}